{"id":167,"date":"2025-05-27T08:57:30","date_gmt":"2025-05-27T08:57:30","guid":{"rendered":"https:\/\/yourjob.ba\/?page_id=167"},"modified":"2025-07-18T11:45:46","modified_gmt":"2025-07-18T11:45:46","slug":"uspjesne-price","status":"publish","type":"page","link":"https:\/\/yourjob.ba\/index.php\/uspjesne-price\/","title":{"rendered":"Uspje\u0161ne pri\u010de"},"content":{"rendered":"\n<div class=\"wp-block-group is-nowrap is-layout-flex wp-container-core-group-is-layout-ed3e8342 wp-block-group-is-layout-flex\" style=\"margin-top:0px;margin-bottom:0px;padding-top:64px;padding-bottom:64px\">\n<div class=\"wp-block-query alignwide is-layout-flow wp-block-query-is-layout-flow\">\n<div class=\"wp-block-columns are-vertically-aligned-center is-layout-flex wp-container-core-columns-is-layout-28f84493 wp-block-columns-is-layout-flex\">\n<div class=\"wp-block-column is-vertically-aligned-center is-layout-flow wp-block-column-is-layout-flow\" style=\"flex-basis:100%\">\n<div class=\"wp-block-group is-layout-constrained wp-block-group-is-layout-constrained\"><ul class=\"wp-block-post-template is-layout-grid wp-container-core-post-template-is-layout-d1fdf00d wp-block-post-template-is-layout-grid\"><li class=\"wp-block-post post-915 post type-post status-publish format-standard has-post-thumbnail hentry category-price tag-caritasbih tag-mladiuzaposljavanju tag-yourjobbih\">\n<figure class=\"wp-block-post-featured-image\"><a href=\"https:\/\/yourjob.ba\/index.php\/2026\/04\/14\/domagoj-andrijanic-mladi-cesto-ne-vide-koliko-vrijede-a-upravo-tu-pocinje-nasa-uloga\/\" target=\"_blank\"  ><img loading=\"lazy\" decoding=\"async\" width=\"1600\" height=\"1458\" src=\"https:\/\/yourjob.ba\/wp-content\/uploads\/2026\/04\/slika-1.jpg\" class=\"attachment-post-thumbnail size-post-thumbnail wp-post-image\" alt=\"Domagoj Andrijani\u0107: \u201cMladi \u010desto ne vide koliko vrijede, a upravo tu po\u010dinje na\u0161a uloga\u201d\" style=\"border-radius:61px;border-style:none;border-width:0px;object-fit:cover;\" srcset=\"https:\/\/yourjob.ba\/wp-content\/uploads\/2026\/04\/slika-1.jpg 1600w, https:\/\/yourjob.ba\/wp-content\/uploads\/2026\/04\/slika-1-300x273.jpg 300w, https:\/\/yourjob.ba\/wp-content\/uploads\/2026\/04\/slika-1-1024x933.jpg 1024w, https:\/\/yourjob.ba\/wp-content\/uploads\/2026\/04\/slika-1-768x700.jpg 768w, https:\/\/yourjob.ba\/wp-content\/uploads\/2026\/04\/slika-1-1536x1400.jpg 1536w\" sizes=\"auto, (max-width: 1600px) 100vw, 1600px\" \/><\/a><\/figure>\n\n<div class=\"wp-block-post-date has-small-font-size\"><time datetime=\"2026-04-14T12:22:15+00:00\">April 14, 2026<\/time><\/div>\n\n<h3 class=\"wp-block-post-title\"><a href=\"https:\/\/yourjob.ba\/index.php\/2026\/04\/14\/domagoj-andrijanic-mladi-cesto-ne-vide-koliko-vrijede-a-upravo-tu-pocinje-nasa-uloga\/\" target=\"_self\" >Domagoj Andrijani\u0107: \u201cMladi \u010desto ne vide koliko vrijede, a upravo tu po\u010dinje na\u0161a uloga\u201d<\/a><\/h3>\n<\/li><li class=\"wp-block-post post-883 post type-post status-publish format-standard has-post-thumbnail hentry category-price\">\n<figure class=\"wp-block-post-featured-image\"><a href=\"https:\/\/yourjob.ba\/index.php\/2026\/04\/07\/od-edukacije-do-zaposlenja-ivina-prica-o-rastu-ucenju-i-prvom-poslu-u-struci\/\" target=\"_blank\"  ><img loading=\"lazy\" decoding=\"async\" width=\"1325\" height=\"746\" src=\"https:\/\/yourjob.ba\/wp-content\/uploads\/2026\/04\/WhatsApp-Image-2026-03-12-at-12.21.04-1.jpeg\" class=\"attachment-post-thumbnail size-post-thumbnail wp-post-image\" alt=\"Od edukacije do zaposlenja: Ivina pri\u010da o rastu, u\u010denju i prvom poslu u struci\" style=\"border-radius:61px;border-style:none;border-width:0px;object-fit:cover;\" srcset=\"https:\/\/yourjob.ba\/wp-content\/uploads\/2026\/04\/WhatsApp-Image-2026-03-12-at-12.21.04-1.jpeg 1325w, https:\/\/yourjob.ba\/wp-content\/uploads\/2026\/04\/WhatsApp-Image-2026-03-12-at-12.21.04-1-300x169.jpeg 300w, https:\/\/yourjob.ba\/wp-content\/uploads\/2026\/04\/WhatsApp-Image-2026-03-12-at-12.21.04-1-1024x577.jpeg 1024w, https:\/\/yourjob.ba\/wp-content\/uploads\/2026\/04\/WhatsApp-Image-2026-03-12-at-12.21.04-1-768x432.jpeg 768w\" sizes=\"auto, (max-width: 1325px) 100vw, 1325px\" \/><\/a><\/figure>\n\n<div class=\"wp-block-post-date has-small-font-size\"><time datetime=\"2026-04-07T12:43:00+00:00\">April 7, 2026<\/time><\/div>\n\n<h3 class=\"wp-block-post-title\"><a href=\"https:\/\/yourjob.ba\/index.php\/2026\/04\/07\/od-edukacije-do-zaposlenja-ivina-prica-o-rastu-ucenju-i-prvom-poslu-u-struci\/\" target=\"_self\" >Od edukacije do zaposlenja: Ivina pri\u010da o rastu, u\u010denju i prvom poslu u struci<\/a><\/h3>\n<\/li><li class=\"wp-block-post post-867 post type-post status-publish format-standard has-post-thumbnail hentry category-price\">\n<figure class=\"wp-block-post-featured-image\"><a href=\"https:\/\/yourjob.ba\/index.php\/2026\/03\/23\/od-prvih-stepova-do-vlastitih-odjevnih-komada-obuka-krojenja-i-sivanja-koja-osnazuje-mlade-zene\/\" target=\"_blank\"  ><img loading=\"lazy\" decoding=\"async\" width=\"1200\" height=\"1600\" src=\"https:\/\/yourjob.ba\/wp-content\/uploads\/2026\/03\/Maj-2024.polaznice-naprednog-kursa-1.jpg\" class=\"attachment-post-thumbnail size-post-thumbnail wp-post-image\" alt=\"Od prvih \u0161tepova do vlastitih odjevnih komada: obuka krojenja i \u0161ivanja koja osna\u017euje mlade \u017eene\" style=\"border-radius:61px;border-style:none;border-width:0px;object-fit:cover;\" srcset=\"https:\/\/yourjob.ba\/wp-content\/uploads\/2026\/03\/Maj-2024.polaznice-naprednog-kursa-1.jpg 1200w, https:\/\/yourjob.ba\/wp-content\/uploads\/2026\/03\/Maj-2024.polaznice-naprednog-kursa-1-225x300.jpg 225w, https:\/\/yourjob.ba\/wp-content\/uploads\/2026\/03\/Maj-2024.polaznice-naprednog-kursa-1-768x1024.jpg 768w, https:\/\/yourjob.ba\/wp-content\/uploads\/2026\/03\/Maj-2024.polaznice-naprednog-kursa-1-1152x1536.jpg 1152w\" sizes=\"auto, (max-width: 1200px) 100vw, 1200px\" \/><\/a><\/figure>\n\n<div class=\"wp-block-post-date has-small-font-size\"><time datetime=\"2026-03-23T22:01:18+00:00\">March 23, 2026<\/time><\/div>\n\n<h3 class=\"wp-block-post-title\"><a href=\"https:\/\/yourjob.ba\/index.php\/2026\/03\/23\/od-prvih-stepova-do-vlastitih-odjevnih-komada-obuka-krojenja-i-sivanja-koja-osnazuje-mlade-zene\/\" target=\"_self\" >Od prvih \u0161tepova do vlastitih odjevnih komada: obuka krojenja i \u0161ivanja koja osna\u017euje mlade \u017eene<\/a><\/h3>\n<\/li><li class=\"wp-block-post post-848 post type-post status-publish format-standard has-post-thumbnail hentry category-price\">\n<figure class=\"wp-block-post-featured-image\"><a href=\"https:\/\/yourjob.ba\/index.php\/2026\/03\/11\/andela-spasojevic-od-interesa-za-tehnologiju-do-prvih-koraka-u-qa-svijetu\/\" target=\"_blank\"  ><img loading=\"lazy\" decoding=\"async\" width=\"2560\" height=\"2048\" src=\"https:\/\/yourjob.ba\/wp-content\/uploads\/2026\/03\/IMG_20250919_111853-1.jpga_-scaled.jpg\" class=\"attachment-post-thumbnail size-post-thumbnail wp-post-image\" alt=\"An\u0111ela Spasojevi\u0107: Od interesa za tehnologiju do prvih koraka u QA svijetu\" style=\"border-radius:61px;border-style:none;border-width:0px;object-fit:cover;\" srcset=\"https:\/\/yourjob.ba\/wp-content\/uploads\/2026\/03\/IMG_20250919_111853-1.jpga_-scaled.jpg 2560w, https:\/\/yourjob.ba\/wp-content\/uploads\/2026\/03\/IMG_20250919_111853-1.jpga_-300x240.jpg 300w, https:\/\/yourjob.ba\/wp-content\/uploads\/2026\/03\/IMG_20250919_111853-1.jpga_-1024x819.jpg 1024w, https:\/\/yourjob.ba\/wp-content\/uploads\/2026\/03\/IMG_20250919_111853-1.jpga_-768x615.jpg 768w, https:\/\/yourjob.ba\/wp-content\/uploads\/2026\/03\/IMG_20250919_111853-1.jpga_-1536x1229.jpg 1536w, https:\/\/yourjob.ba\/wp-content\/uploads\/2026\/03\/IMG_20250919_111853-1.jpga_-2048x1639.jpg 2048w\" sizes=\"auto, (max-width: 2560px) 100vw, 2560px\" \/><\/a><\/figure>\n\n<div class=\"wp-block-post-date has-small-font-size\"><time datetime=\"2026-03-11T08:11:53+00:00\">March 11, 2026<\/time><\/div>\n\n<h3 class=\"wp-block-post-title\"><a href=\"https:\/\/yourjob.ba\/index.php\/2026\/03\/11\/andela-spasojevic-od-interesa-za-tehnologiju-do-prvih-koraka-u-qa-svijetu\/\" target=\"_self\" >An\u0111ela Spasojevi\u0107: Od interesa za tehnologiju do prvih koraka u QA svijetu<\/a><\/h3>\n<\/li><li class=\"wp-block-post post-832 post type-post status-publish format-standard has-post-thumbnail hentry category-price\">\n<figure class=\"wp-block-post-featured-image\"><a href=\"https:\/\/yourjob.ba\/index.php\/2025\/12\/16\/uspjesna-prica-kad-ti-netko-pruzi-priliku-pocnes-vjerovati-u-sebe\/\" target=\"_blank\"  ><img loading=\"lazy\" decoding=\"async\" width=\"1204\" height=\"677\" src=\"https:\/\/yourjob.ba\/wp-content\/uploads\/2025\/12\/WhatsApp-Slika-2025-12-16-u-13.58.27_2a46e285-aaa.jpg\" class=\"attachment-post-thumbnail size-post-thumbnail wp-post-image\" alt=\"Uspje\u0161na pri\u010da: \u201cKad ti netko pru\u017ei priliku, po\u010dne\u0161 vjerovati u sebe\u201d\" style=\"border-radius:61px;border-style:none;border-width:0px;object-fit:cover;\" srcset=\"https:\/\/yourjob.ba\/wp-content\/uploads\/2025\/12\/WhatsApp-Slika-2025-12-16-u-13.58.27_2a46e285-aaa.jpg 1204w, https:\/\/yourjob.ba\/wp-content\/uploads\/2025\/12\/WhatsApp-Slika-2025-12-16-u-13.58.27_2a46e285-aaa-300x169.jpg 300w, https:\/\/yourjob.ba\/wp-content\/uploads\/2025\/12\/WhatsApp-Slika-2025-12-16-u-13.58.27_2a46e285-aaa-1024x576.jpg 1024w, https:\/\/yourjob.ba\/wp-content\/uploads\/2025\/12\/WhatsApp-Slika-2025-12-16-u-13.58.27_2a46e285-aaa-768x432.jpg 768w\" sizes=\"auto, (max-width: 1204px) 100vw, 1204px\" \/><\/a><\/figure>\n\n<div class=\"wp-block-post-date has-small-font-size\"><time datetime=\"2025-12-16T14:00:54+00:00\">December 16, 2025<\/time><\/div>\n\n<h3 class=\"wp-block-post-title\"><a href=\"https:\/\/yourjob.ba\/index.php\/2025\/12\/16\/uspjesna-prica-kad-ti-netko-pruzi-priliku-pocnes-vjerovati-u-sebe\/\" target=\"_self\" >Uspje\u0161na pri\u010da: \u201cKad ti netko pru\u017ei priliku, po\u010dne\u0161 vjerovati u sebe\u201d<\/a><\/h3>\n<\/li><li class=\"wp-block-post post-721 post type-post status-publish format-standard has-post-thumbnail hentry category-price\">\n<figure class=\"wp-block-post-featured-image\"><a href=\"https:\/\/yourjob.ba\/index.php\/2025\/12\/09\/gazdinstvo-bajic-i-gradska-pivnica-knezevo-od-njive-do-viljuske-uz-podrsku-yourjob-programa\/\" target=\"_blank\"  ><img loading=\"lazy\" decoding=\"async\" width=\"400\" height=\"400\" src=\"https:\/\/yourjob.ba\/wp-content\/uploads\/2025\/12\/6320c90e58f056.46132417_LOgo-gazdinstvo-bajic.jpg\" class=\"attachment-post-thumbnail size-post-thumbnail wp-post-image\" alt=\"Gazdinstvo Baji\u0107 i Gradska pivnica Kne\u017eevo: od njive do vilju\u0161ke uz podr\u0161ku YourJob programa\" style=\"border-radius:61px;border-style:none;border-width:0px;object-fit:cover;\" srcset=\"https:\/\/yourjob.ba\/wp-content\/uploads\/2025\/12\/6320c90e58f056.46132417_LOgo-gazdinstvo-bajic.jpg 400w, https:\/\/yourjob.ba\/wp-content\/uploads\/2025\/12\/6320c90e58f056.46132417_LOgo-gazdinstvo-bajic-300x300.jpg 300w, https:\/\/yourjob.ba\/wp-content\/uploads\/2025\/12\/6320c90e58f056.46132417_LOgo-gazdinstvo-bajic-150x150.jpg 150w\" sizes=\"auto, (max-width: 400px) 100vw, 400px\" \/><\/a><\/figure>\n\n<div class=\"wp-block-post-date has-small-font-size\"><time datetime=\"2025-12-09T08:53:14+00:00\">December 9, 2025<\/time><\/div>\n\n<h3 class=\"wp-block-post-title\"><a href=\"https:\/\/yourjob.ba\/index.php\/2025\/12\/09\/gazdinstvo-bajic-i-gradska-pivnica-knezevo-od-njive-do-viljuske-uz-podrsku-yourjob-programa\/\" target=\"_self\" >Gazdinstvo Baji\u0107 i Gradska pivnica Kne\u017eevo: od njive do vilju\u0161ke uz podr\u0161ku YourJob programa<\/a><\/h3>\n<\/li><li class=\"wp-block-post post-810 post type-post status-publish format-standard has-post-thumbnail hentry category-price\">\n<figure class=\"wp-block-post-featured-image\"><a href=\"https:\/\/yourjob.ba\/index.php\/2025\/12\/03\/mirela-omerovic-mentorica-koja-mladima-pomaze-pretvoriti-ideje-u-stvarne-prilike\/\" target=\"_blank\"  ><img loading=\"lazy\" decoding=\"async\" width=\"1047\" height=\"598\" src=\"https:\/\/yourjob.ba\/wp-content\/uploads\/2025\/12\/Mirela-Omerovic-9.jpg\" class=\"attachment-post-thumbnail size-post-thumbnail wp-post-image\" alt=\"Mirela Omerovi\u0107: Mentorica koja mladima poma\u017ee pretvoriti ideje u stvarne prilike\" style=\"border-radius:61px;border-style:none;border-width:0px;object-fit:cover;\" srcset=\"https:\/\/yourjob.ba\/wp-content\/uploads\/2025\/12\/Mirela-Omerovic-9.jpg 1047w, https:\/\/yourjob.ba\/wp-content\/uploads\/2025\/12\/Mirela-Omerovic-9-300x171.jpg 300w, https:\/\/yourjob.ba\/wp-content\/uploads\/2025\/12\/Mirela-Omerovic-9-1024x585.jpg 1024w, https:\/\/yourjob.ba\/wp-content\/uploads\/2025\/12\/Mirela-Omerovic-9-768x439.jpg 768w\" sizes=\"auto, (max-width: 1047px) 100vw, 1047px\" \/><\/a><\/figure>\n\n<div class=\"wp-block-post-date has-small-font-size\"><time datetime=\"2025-12-03T10:43:01+00:00\">December 3, 2025<\/time><\/div>\n\n<h3 class=\"wp-block-post-title\"><a href=\"https:\/\/yourjob.ba\/index.php\/2025\/12\/03\/mirela-omerovic-mentorica-koja-mladima-pomaze-pretvoriti-ideje-u-stvarne-prilike\/\" target=\"_self\" >Mirela Omerovi\u0107: Mentorica koja mladima poma\u017ee pretvoriti ideje u stvarne prilike<\/a><\/h3>\n<\/li><li class=\"wp-block-post post-714 post type-post status-publish format-standard has-post-thumbnail hentry category-price tag-yourjobbih-caritasbih-uspjesnaprica-mladiuzaposljavanju-obuka-preduzetnistvo-dizajn-wmta-vetpreneur-bih-mladiuakcijiinvestirajumlade tag-poduzetnici tag-poslodavac tag-prilikezamlade tag-uspjesneprice\">\n<figure class=\"wp-block-post-featured-image\"><a href=\"https:\/\/yourjob.ba\/index.php\/2025\/11\/27\/mladi-su-buducnost-iskustvo-poslodavca-dejana-marinkovica-iz-ino-kombi-ja\/\" target=\"_blank\"  ><img loading=\"lazy\" decoding=\"async\" width=\"2048\" height=\"1152\" src=\"https:\/\/yourjob.ba\/wp-content\/uploads\/2025\/10\/Igor-Jokanovic.jpg\" class=\"attachment-post-thumbnail size-post-thumbnail wp-post-image\" alt=\"Mladi su budu\u0107nost \u2013 iskustvo poslodavca Dejana Marinkovi\u0107a iz INO KOMBI-ja\" style=\"border-radius:61px;border-style:none;border-width:0px;object-fit:cover;\" srcset=\"https:\/\/yourjob.ba\/wp-content\/uploads\/2025\/10\/Igor-Jokanovic.jpg 2048w, https:\/\/yourjob.ba\/wp-content\/uploads\/2025\/10\/Igor-Jokanovic-300x169.jpg 300w, https:\/\/yourjob.ba\/wp-content\/uploads\/2025\/10\/Igor-Jokanovic-1024x576.jpg 1024w, https:\/\/yourjob.ba\/wp-content\/uploads\/2025\/10\/Igor-Jokanovic-768x432.jpg 768w, https:\/\/yourjob.ba\/wp-content\/uploads\/2025\/10\/Igor-Jokanovic-1536x864.jpg 1536w\" sizes=\"auto, (max-width: 2048px) 100vw, 2048px\" \/><\/a><\/figure>\n\n<div class=\"wp-block-post-date has-small-font-size\"><time datetime=\"2025-11-27T08:10:27+00:00\">November 27, 2025<\/time><\/div>\n\n<h3 class=\"wp-block-post-title\"><a href=\"https:\/\/yourjob.ba\/index.php\/2025\/11\/27\/mladi-su-buducnost-iskustvo-poslodavca-dejana-marinkovica-iz-ino-kombi-ja\/\" target=\"_self\" >Mladi su budu\u0107nost \u2013 iskustvo poslodavca Dejana Marinkovi\u0107a iz INO KOMBI-ja<\/a><\/h3>\n<\/li><li class=\"wp-block-post post-585 post type-post status-publish format-standard has-post-thumbnail hentry category-price\">\n<figure class=\"wp-block-post-featured-image\"><a href=\"https:\/\/yourjob.ba\/index.php\/2025\/11\/19\/ivo-osnazivanje-mladih-kroz-znanje-i-praksu\/\" target=\"_blank\"  ><img loading=\"lazy\" decoding=\"async\" width=\"960\" height=\"720\" src=\"https:\/\/yourjob.ba\/wp-content\/uploads\/2025\/11\/Ivona-Carapina-3-edited.jpg\" class=\"attachment-post-thumbnail size-post-thumbnail wp-post-image\" alt=\"Ivo: Osna\u017eivanje mladih kroz znanje i praksu\" style=\"border-radius:61px;border-style:none;border-width:0px;object-fit:cover;\" srcset=\"https:\/\/yourjob.ba\/wp-content\/uploads\/2025\/11\/Ivona-Carapina-3-edited.jpg 960w, https:\/\/yourjob.ba\/wp-content\/uploads\/2025\/11\/Ivona-Carapina-3-edited-300x225.jpg 300w, https:\/\/yourjob.ba\/wp-content\/uploads\/2025\/11\/Ivona-Carapina-3-edited-768x576.jpg 768w\" sizes=\"auto, (max-width: 960px) 100vw, 960px\" \/><\/a><\/figure>\n\n<div class=\"wp-block-post-date has-small-font-size\"><time datetime=\"2025-11-19T12:01:21+00:00\">November 19, 2025<\/time><\/div>\n\n<h3 class=\"wp-block-post-title\"><a href=\"https:\/\/yourjob.ba\/index.php\/2025\/11\/19\/ivo-osnazivanje-mladih-kroz-znanje-i-praksu\/\" target=\"_self\" >Ivo: Osna\u017eivanje mladih kroz znanje i praksu<\/a><\/h3>\n<\/li><li class=\"wp-block-post post-596 post type-post status-publish format-standard has-post-thumbnail hentry category-price\">\n<figure class=\"wp-block-post-featured-image\"><a href=\"https:\/\/yourjob.ba\/index.php\/2025\/11\/04\/lucija-vedri-osmijeh-kao-mjesto-ucenja-i-podrske\/\" target=\"_blank\"  ><img loading=\"lazy\" decoding=\"async\" width=\"1536\" height=\"864\" src=\"https:\/\/yourjob.ba\/wp-content\/uploads\/2025\/09\/IMG-20250827-WA0002_01.jpg\" class=\"attachment-post-thumbnail size-post-thumbnail wp-post-image\" alt=\"Lucija: Vedri osmijeh kao mjesto u\u010denja i podr\u0161ke\" style=\"border-radius:61px;border-style:none;border-width:0px;object-fit:cover;\" srcset=\"https:\/\/yourjob.ba\/wp-content\/uploads\/2025\/09\/IMG-20250827-WA0002_01.jpg 1536w, https:\/\/yourjob.ba\/wp-content\/uploads\/2025\/09\/IMG-20250827-WA0002_01-300x169.jpg 300w, https:\/\/yourjob.ba\/wp-content\/uploads\/2025\/09\/IMG-20250827-WA0002_01-1024x576.jpg 1024w, https:\/\/yourjob.ba\/wp-content\/uploads\/2025\/09\/IMG-20250827-WA0002_01-768x432.jpg 768w\" sizes=\"auto, (max-width: 1536px) 100vw, 1536px\" \/><\/a><\/figure>\n\n<div class=\"wp-block-post-date has-small-font-size\"><time datetime=\"2025-11-04T10:35:18+00:00\">November 4, 2025<\/time><\/div>\n\n<h3 class=\"wp-block-post-title\"><a href=\"https:\/\/yourjob.ba\/index.php\/2025\/11\/04\/lucija-vedri-osmijeh-kao-mjesto-ucenja-i-podrske\/\" target=\"_self\" >Lucija: Vedri osmijeh kao mjesto u\u010denja i podr\u0161ke<\/a><\/h3>\n<\/li><li class=\"wp-block-post post-757 post type-post status-publish format-standard has-post-thumbnail hentry category-price\">\n<figure class=\"wp-block-post-featured-image\"><a href=\"https:\/\/yourjob.ba\/index.php\/2025\/10\/28\/ucenje-inspiracija-i-prilike-spoj-znanja-i-strasti-u-edukaciji-mladih-kroz-yourjob-program\/\" target=\"_blank\"  ><img loading=\"lazy\" decoding=\"async\" width=\"1634\" height=\"2560\" src=\"https:\/\/yourjob.ba\/wp-content\/uploads\/2025\/10\/1000028058-scaled.jpg\" class=\"attachment-post-thumbnail size-post-thumbnail wp-post-image\" alt=\"U\u010denje, inspiracija i prilike: spoj znanja i strasti u edukaciji mladih kroz YourJob program\" style=\"border-radius:61px;border-style:none;border-width:0px;object-fit:cover;\" srcset=\"https:\/\/yourjob.ba\/wp-content\/uploads\/2025\/10\/1000028058-scaled.jpg 1634w, https:\/\/yourjob.ba\/wp-content\/uploads\/2025\/10\/1000028058-191x300.jpg 191w, https:\/\/yourjob.ba\/wp-content\/uploads\/2025\/10\/1000028058-654x1024.jpg 654w, https:\/\/yourjob.ba\/wp-content\/uploads\/2025\/10\/1000028058-768x1203.jpg 768w, https:\/\/yourjob.ba\/wp-content\/uploads\/2025\/10\/1000028058-980x1536.jpg 980w, https:\/\/yourjob.ba\/wp-content\/uploads\/2025\/10\/1000028058-1307x2048.jpg 1307w\" sizes=\"auto, (max-width: 1634px) 100vw, 1634px\" \/><\/a><\/figure>\n\n<div class=\"wp-block-post-date has-small-font-size\"><time datetime=\"2025-10-28T13:50:11+00:00\">October 28, 2025<\/time><\/div>\n\n<h3 class=\"wp-block-post-title\"><a href=\"https:\/\/yourjob.ba\/index.php\/2025\/10\/28\/ucenje-inspiracija-i-prilike-spoj-znanja-i-strasti-u-edukaciji-mladih-kroz-yourjob-program\/\" target=\"_self\" >U\u010denje, inspiracija i prilike: spoj znanja i strasti u edukaciji mladih kroz YourJob program<\/a><\/h3>\n<\/li><li class=\"wp-block-post post-674 post type-post status-publish format-standard has-post-thumbnail hentry category-price\">\n<figure class=\"wp-block-post-featured-image\"><a href=\"https:\/\/yourjob.ba\/index.php\/2025\/10\/14\/od-laboratorija-do-klijenata-katarina-mitic-i-njezino-iskustvo-s-projektom-yourjob\/\" target=\"_blank\"  ><img loading=\"lazy\" decoding=\"async\" width=\"1911\" height=\"1433\" src=\"https:\/\/yourjob.ba\/wp-content\/uploads\/2025\/09\/4b9d5dfa-234e-4492-8cf6-f7fbe5d180ae.png\" class=\"attachment-post-thumbnail size-post-thumbnail wp-post-image\" alt=\"Od laboratorija do klijenata: Katarina Miti\u0107 i njezino iskustvo s projektom YourJob\" style=\"border-radius:61px;border-style:none;border-width:0px;object-fit:cover;\" srcset=\"https:\/\/yourjob.ba\/wp-content\/uploads\/2025\/09\/4b9d5dfa-234e-4492-8cf6-f7fbe5d180ae.png 1911w, https:\/\/yourjob.ba\/wp-content\/uploads\/2025\/09\/4b9d5dfa-234e-4492-8cf6-f7fbe5d180ae-300x225.png 300w, https:\/\/yourjob.ba\/wp-content\/uploads\/2025\/09\/4b9d5dfa-234e-4492-8cf6-f7fbe5d180ae-1024x768.png 1024w, https:\/\/yourjob.ba\/wp-content\/uploads\/2025\/09\/4b9d5dfa-234e-4492-8cf6-f7fbe5d180ae-768x576.png 768w, https:\/\/yourjob.ba\/wp-content\/uploads\/2025\/09\/4b9d5dfa-234e-4492-8cf6-f7fbe5d180ae-1536x1152.png 1536w\" sizes=\"auto, (max-width: 1911px) 100vw, 1911px\" \/><\/a><\/figure>\n\n<div class=\"wp-block-post-date has-small-font-size\"><time datetime=\"2025-10-14T10:11:21+00:00\">October 14, 2025<\/time><\/div>\n\n<h3 class=\"wp-block-post-title\"><a href=\"https:\/\/yourjob.ba\/index.php\/2025\/10\/14\/od-laboratorija-do-klijenata-katarina-mitic-i-njezino-iskustvo-s-projektom-yourjob\/\" target=\"_self\" >Od laboratorija do klijenata: Katarina Miti\u0107 i njezino iskustvo s projektom YourJob<\/a><\/h3>\n<\/li><li class=\"wp-block-post post-605 post type-post status-publish format-standard has-post-thumbnail hentry category-price\">\n<figure class=\"wp-block-post-featured-image\"><a href=\"https:\/\/yourjob.ba\/index.php\/2025\/10\/01\/andela-posao-iz-snova-uz-podrsku-yourjob-programa\/\" target=\"_blank\"  ><img loading=\"lazy\" decoding=\"async\" width=\"1080\" height=\"607\" src=\"https:\/\/yourjob.ba\/wp-content\/uploads\/2025\/09\/photo01.jpg\" class=\"attachment-post-thumbnail size-post-thumbnail wp-post-image\" alt=\"An\u0111ela: Posao iz snova uz podr\u0161ku YourJob programa\" style=\"border-radius:61px;border-style:none;border-width:0px;object-fit:cover;\" srcset=\"https:\/\/yourjob.ba\/wp-content\/uploads\/2025\/09\/photo01.jpg 1080w, https:\/\/yourjob.ba\/wp-content\/uploads\/2025\/09\/photo01-300x169.jpg 300w, https:\/\/yourjob.ba\/wp-content\/uploads\/2025\/09\/photo01-1024x576.jpg 1024w, https:\/\/yourjob.ba\/wp-content\/uploads\/2025\/09\/photo01-768x432.jpg 768w\" sizes=\"auto, (max-width: 1080px) 100vw, 1080px\" \/><\/a><\/figure>\n\n<div class=\"wp-block-post-date has-small-font-size\"><time datetime=\"2025-10-01T11:55:33+00:00\">October 1, 2025<\/time><\/div>\n\n<h3 class=\"wp-block-post-title\"><a href=\"https:\/\/yourjob.ba\/index.php\/2025\/10\/01\/andela-posao-iz-snova-uz-podrsku-yourjob-programa\/\" target=\"_self\" >An\u0111ela: Posao iz snova uz podr\u0161ku YourJob programa<\/a><\/h3>\n<\/li><li class=\"wp-block-post post-570 post type-post status-publish format-standard has-post-thumbnail hentry category-price\">\n<figure class=\"wp-block-post-featured-image\"><a href=\"https:\/\/yourjob.ba\/index.php\/2025\/09\/23\/od-ideje-do-studija-prica-kristine-brkic-mlade-fizioterapeutkinje-iz-ljubuskog\/\" target=\"_blank\"  ><img loading=\"lazy\" decoding=\"async\" width=\"1179\" height=\"748\" src=\"https:\/\/yourjob.ba\/wp-content\/uploads\/2025\/09\/1.jpg\" class=\"attachment-post-thumbnail size-post-thumbnail wp-post-image\" alt=\"Od ideje do studija \u2013 pri\u010da Kristine Brki\u0107, mlade fizioterapeutkinje iz Ljubu\u0161kog\" style=\"border-radius:61px;border-style:none;border-width:0px;object-fit:cover;\" srcset=\"https:\/\/yourjob.ba\/wp-content\/uploads\/2025\/09\/1.jpg 1179w, https:\/\/yourjob.ba\/wp-content\/uploads\/2025\/09\/1-300x190.jpg 300w, https:\/\/yourjob.ba\/wp-content\/uploads\/2025\/09\/1-1024x650.jpg 1024w, https:\/\/yourjob.ba\/wp-content\/uploads\/2025\/09\/1-768x487.jpg 768w\" sizes=\"auto, (max-width: 1179px) 100vw, 1179px\" \/><\/a><\/figure>\n\n<div class=\"wp-block-post-date has-small-font-size\"><time datetime=\"2025-09-23T06:52:10+00:00\">September 23, 2025<\/time><\/div>\n\n<h3 class=\"wp-block-post-title\"><a href=\"https:\/\/yourjob.ba\/index.php\/2025\/09\/23\/od-ideje-do-studija-prica-kristine-brkic-mlade-fizioterapeutkinje-iz-ljubuskog\/\" target=\"_self\" >Od ideje do studija \u2013 pri\u010da Kristine Brki\u0107, mlade fizioterapeutkinje iz Ljubu\u0161kog<\/a><\/h3>\n<\/li><li class=\"wp-block-post post-684 post type-post status-publish format-standard has-post-thumbnail hentry category-price\">\n<figure class=\"wp-block-post-featured-image\"><a href=\"https:\/\/yourjob.ba\/index.php\/2025\/09\/18\/u-fokusu-snaga-podrske-mladima-prica-trenerice-soft-skills-vjestina\/\" target=\"_blank\"  ><img loading=\"lazy\" decoding=\"async\" width=\"961\" height=\"960\" src=\"https:\/\/yourjob.ba\/wp-content\/uploads\/2025\/09\/465702817_981154054052262_1797408666357500509_n.jpg\" class=\"attachment-post-thumbnail size-post-thumbnail wp-post-image\" alt=\"U fokusu: Snaga podr\u0161ke mladima \u2013 pri\u010da trenerice soft skills vje\u0161tina\" style=\"border-radius:61px;border-style:none;border-width:0px;object-fit:cover;\" srcset=\"https:\/\/yourjob.ba\/wp-content\/uploads\/2025\/09\/465702817_981154054052262_1797408666357500509_n.jpg 961w, https:\/\/yourjob.ba\/wp-content\/uploads\/2025\/09\/465702817_981154054052262_1797408666357500509_n-300x300.jpg 300w, https:\/\/yourjob.ba\/wp-content\/uploads\/2025\/09\/465702817_981154054052262_1797408666357500509_n-150x150.jpg 150w, https:\/\/yourjob.ba\/wp-content\/uploads\/2025\/09\/465702817_981154054052262_1797408666357500509_n-768x767.jpg 768w\" sizes=\"auto, (max-width: 961px) 100vw, 961px\" \/><\/a><\/figure>\n\n<div class=\"wp-block-post-date has-small-font-size\"><time datetime=\"2025-09-18T13:51:18+00:00\">September 18, 2025<\/time><\/div>\n\n<h3 class=\"wp-block-post-title\"><a href=\"https:\/\/yourjob.ba\/index.php\/2025\/09\/18\/u-fokusu-snaga-podrske-mladima-prica-trenerice-soft-skills-vjestina\/\" target=\"_self\" >U fokusu: Snaga podr\u0161ke mladima \u2013 pri\u010da trenerice soft skills vje\u0161tina<\/a><\/h3>\n<\/li><li class=\"wp-block-post post-647 post type-post status-publish format-standard has-post-thumbnail hentry category-price\">\n<figure class=\"wp-block-post-featured-image\"><a href=\"https:\/\/yourjob.ba\/index.php\/2025\/09\/16\/marija-trubajic-moj-put-do-poduzetnice\/\" target=\"_blank\"  ><img loading=\"lazy\" decoding=\"async\" width=\"864\" height=\"648\" src=\"https:\/\/yourjob.ba\/wp-content\/uploads\/2025\/09\/marija-trubajic1.png\" class=\"attachment-post-thumbnail size-post-thumbnail wp-post-image\" alt=\"Marija Trubaji\u0107 \u2013 moj put do poduzetnice\" style=\"border-radius:61px;border-style:none;border-width:0px;object-fit:cover;\" srcset=\"https:\/\/yourjob.ba\/wp-content\/uploads\/2025\/09\/marija-trubajic1.png 864w, https:\/\/yourjob.ba\/wp-content\/uploads\/2025\/09\/marija-trubajic1-300x225.png 300w, https:\/\/yourjob.ba\/wp-content\/uploads\/2025\/09\/marija-trubajic1-768x576.png 768w\" sizes=\"auto, (max-width: 864px) 100vw, 864px\" \/><\/a><\/figure>\n\n<div class=\"wp-block-post-date has-small-font-size\"><time datetime=\"2025-09-16T07:40:16+00:00\">September 16, 2025<\/time><\/div>\n\n<h3 class=\"wp-block-post-title\"><a href=\"https:\/\/yourjob.ba\/index.php\/2025\/09\/16\/marija-trubajic-moj-put-do-poduzetnice\/\" target=\"_self\" >Marija Trubaji\u0107 \u2013 moj put do poduzetnice<\/a><\/h3>\n<\/li><li class=\"wp-block-post post-623 post type-post status-publish format-standard has-post-thumbnail hentry category-price\">\n<figure class=\"wp-block-post-featured-image\"><a href=\"https:\/\/yourjob.ba\/index.php\/2025\/09\/11\/od-geometra-do-pcelara-prica-iz-banjaluke\/\" target=\"_blank\"  ><img loading=\"lazy\" decoding=\"async\" width=\"1200\" height=\"900\" src=\"https:\/\/yourjob.ba\/wp-content\/uploads\/2025\/09\/mladen-naslovnaaaaa.jpg\" class=\"attachment-post-thumbnail size-post-thumbnail wp-post-image\" alt=\"P\u010dele kao inspiracija &#8211; Mladenova pri\u010da\" style=\"border-radius:61px;border-style:none;border-width:0px;object-fit:cover;\" srcset=\"https:\/\/yourjob.ba\/wp-content\/uploads\/2025\/09\/mladen-naslovnaaaaa.jpg 1200w, https:\/\/yourjob.ba\/wp-content\/uploads\/2025\/09\/mladen-naslovnaaaaa-300x225.jpg 300w, https:\/\/yourjob.ba\/wp-content\/uploads\/2025\/09\/mladen-naslovnaaaaa-1024x768.jpg 1024w, https:\/\/yourjob.ba\/wp-content\/uploads\/2025\/09\/mladen-naslovnaaaaa-768x576.jpg 768w\" sizes=\"auto, (max-width: 1200px) 100vw, 1200px\" \/><\/a><\/figure>\n\n<div class=\"wp-block-post-date has-small-font-size\"><time datetime=\"2025-09-11T07:36:10+00:00\">September 11, 2025<\/time><\/div>\n\n<h3 class=\"wp-block-post-title\"><a href=\"https:\/\/yourjob.ba\/index.php\/2025\/09\/11\/od-geometra-do-pcelara-prica-iz-banjaluke\/\" target=\"_self\" >P\u010dele kao inspiracija &#8211; Mladenova pri\u010da<\/a><\/h3>\n<\/li><li class=\"wp-block-post post-489 post type-post status-publish format-standard has-post-thumbnail hentry category-price\">\n<figure class=\"wp-block-post-featured-image\"><a href=\"https:\/\/yourjob.ba\/index.php\/2025\/09\/01\/ferdinando-prica-o-povratku-ucenju-i-ostanku\/\" target=\"_blank\"  ><img loading=\"lazy\" decoding=\"async\" width=\"1123\" height=\"837\" src=\"https:\/\/yourjob.ba\/wp-content\/uploads\/2025\/07\/1000023712-1.jpg\" class=\"attachment-post-thumbnail size-post-thumbnail wp-post-image\" alt=\"Ferdinando: Pri\u010da o povratku, u\u010denju i ostanku\" style=\"border-radius:61px;border-style:none;border-width:0px;object-fit:cover;\" srcset=\"https:\/\/yourjob.ba\/wp-content\/uploads\/2025\/07\/1000023712-1.jpg 1123w, https:\/\/yourjob.ba\/wp-content\/uploads\/2025\/07\/1000023712-1-300x224.jpg 300w, https:\/\/yourjob.ba\/wp-content\/uploads\/2025\/07\/1000023712-1-1024x763.jpg 1024w, https:\/\/yourjob.ba\/wp-content\/uploads\/2025\/07\/1000023712-1-768x572.jpg 768w\" sizes=\"auto, (max-width: 1123px) 100vw, 1123px\" \/><\/a><\/figure>\n\n<div class=\"wp-block-post-date has-small-font-size\"><time datetime=\"2025-09-01T12:07:57+00:00\">September 1, 2025<\/time><\/div>\n\n<h3 class=\"wp-block-post-title\"><a href=\"https:\/\/yourjob.ba\/index.php\/2025\/09\/01\/ferdinando-prica-o-povratku-ucenju-i-ostanku\/\" target=\"_self\" >Ferdinando: Pri\u010da o povratku, u\u010denju i ostanku<\/a><\/h3>\n<\/li><li class=\"wp-block-post post-390 post type-post status-publish format-standard has-post-thumbnail hentry category-price\">\n<figure class=\"wp-block-post-featured-image\"><a href=\"https:\/\/yourjob.ba\/index.php\/2025\/08\/28\/jerko-od-ideje-do-vlastitog-biznisa-uz-podrsku-yourjob-a\/\" target=\"_blank\"  ><img loading=\"lazy\" decoding=\"async\" width=\"1080\" height=\"1080\" src=\"https:\/\/yourjob.ba\/wp-content\/uploads\/2025\/07\/1.png\" class=\"attachment-post-thumbnail size-post-thumbnail wp-post-image\" alt=\"Jerko: Od ideje do vlastitog biznisa uz podr\u0161ku YourJob-a\" style=\"border-radius:61px;border-style:none;border-width:0px;object-fit:cover;\" srcset=\"https:\/\/yourjob.ba\/wp-content\/uploads\/2025\/07\/1.png 1080w, https:\/\/yourjob.ba\/wp-content\/uploads\/2025\/07\/1-300x300.png 300w, https:\/\/yourjob.ba\/wp-content\/uploads\/2025\/07\/1-1024x1024.png 1024w, https:\/\/yourjob.ba\/wp-content\/uploads\/2025\/07\/1-150x150.png 150w, https:\/\/yourjob.ba\/wp-content\/uploads\/2025\/07\/1-768x768.png 768w\" sizes=\"auto, (max-width: 1080px) 100vw, 1080px\" \/><\/a><\/figure>\n\n<div class=\"wp-block-post-date has-small-font-size\"><time datetime=\"2025-08-28T12:06:00+00:00\">August 28, 2025<\/time><\/div>\n\n<h3 class=\"wp-block-post-title\"><a href=\"https:\/\/yourjob.ba\/index.php\/2025\/08\/28\/jerko-od-ideje-do-vlastitog-biznisa-uz-podrsku-yourjob-a\/\" target=\"_self\" >Jerko: Od ideje do vlastitog biznisa uz podr\u0161ku YourJob-a<\/a><\/h3>\n<\/li><li class=\"wp-block-post post-561 post type-post status-publish format-standard has-post-thumbnail hentry category-price\">\n<figure class=\"wp-block-post-featured-image\"><a href=\"https:\/\/yourjob.ba\/index.php\/2025\/08\/25\/andela-prva-prilika-u-struci-uz-podrsku-yourjob-programa\/\" target=\"_blank\"  ><img loading=\"lazy\" decoding=\"async\" width=\"883\" height=\"900\" src=\"https:\/\/yourjob.ba\/wp-content\/uploads\/2025\/08\/1000002885_naslovna-e1756118363737.jpg\" class=\"attachment-post-thumbnail size-post-thumbnail wp-post-image\" alt=\"An\u0111ela: Prva prilika u struci uz podr\u0161ku YourJob programa\" style=\"border-radius:61px;border-style:none;border-width:0px;object-fit:cover;\" srcset=\"https:\/\/yourjob.ba\/wp-content\/uploads\/2025\/08\/1000002885_naslovna-e1756118363737.jpg 883w, https:\/\/yourjob.ba\/wp-content\/uploads\/2025\/08\/1000002885_naslovna-e1756118363737-294x300.jpg 294w, https:\/\/yourjob.ba\/wp-content\/uploads\/2025\/08\/1000002885_naslovna-e1756118363737-768x783.jpg 768w\" sizes=\"auto, (max-width: 883px) 100vw, 883px\" \/><\/a><\/figure>\n\n<div class=\"wp-block-post-date has-small-font-size\"><time datetime=\"2025-08-25T10:49:02+00:00\">August 25, 2025<\/time><\/div>\n\n<h3 class=\"wp-block-post-title\"><a href=\"https:\/\/yourjob.ba\/index.php\/2025\/08\/25\/andela-prva-prilika-u-struci-uz-podrsku-yourjob-programa\/\" target=\"_self\" >An\u0111ela: Prva prilika u struci uz podr\u0161ku YourJob programa<\/a><\/h3>\n<\/li><li class=\"wp-block-post post-473 post type-post status-publish format-standard has-post-thumbnail hentry category-price\">\n<figure class=\"wp-block-post-featured-image\"><a href=\"https:\/\/yourjob.ba\/index.php\/2025\/08\/21\/od-honorarnog-rada-do-biznisa-damjan-dokazao-da-se-zanat-isplati\/\" target=\"_blank\"  ><img loading=\"lazy\" decoding=\"async\" width=\"2457\" height=\"1382\" src=\"https:\/\/yourjob.ba\/wp-content\/uploads\/2025\/07\/Damjan-916.jpg\" class=\"attachment-post-thumbnail size-post-thumbnail wp-post-image\" alt=\"Od honorarnog rada do biznisa: Damjan dokazao da se zanat isplati\" style=\"border-radius:61px;border-style:none;border-width:0px;object-fit:cover;\" srcset=\"https:\/\/yourjob.ba\/wp-content\/uploads\/2025\/07\/Damjan-916.jpg 2457w, https:\/\/yourjob.ba\/wp-content\/uploads\/2025\/07\/Damjan-916-300x169.jpg 300w, https:\/\/yourjob.ba\/wp-content\/uploads\/2025\/07\/Damjan-916-1024x576.jpg 1024w, https:\/\/yourjob.ba\/wp-content\/uploads\/2025\/07\/Damjan-916-768x432.jpg 768w, https:\/\/yourjob.ba\/wp-content\/uploads\/2025\/07\/Damjan-916-1536x864.jpg 1536w, https:\/\/yourjob.ba\/wp-content\/uploads\/2025\/07\/Damjan-916-2048x1152.jpg 2048w\" sizes=\"auto, (max-width: 2457px) 100vw, 2457px\" \/><\/a><\/figure>\n\n<div class=\"wp-block-post-date has-small-font-size\"><time datetime=\"2025-08-21T06:00:00+00:00\">August 21, 2025<\/time><\/div>\n\n<h3 class=\"wp-block-post-title\"><a href=\"https:\/\/yourjob.ba\/index.php\/2025\/08\/21\/od-honorarnog-rada-do-biznisa-damjan-dokazao-da-se-zanat-isplati\/\" target=\"_self\" >Od honorarnog rada do biznisa: Damjan dokazao da se zanat isplati<\/a><\/h3>\n<\/li><li class=\"wp-block-post post-320 post type-post status-publish format-standard has-post-thumbnail hentry category-price\">\n<figure class=\"wp-block-post-featured-image\"><a href=\"https:\/\/yourjob.ba\/index.php\/2025\/08\/18\/antonijina-prica-strpljenjem-do-prilike-prvi-posao-u-struci-uz-podrsku-yourjob-projekta\/\" target=\"_blank\"  ><img loading=\"lazy\" decoding=\"async\" width=\"2560\" height=\"1920\" src=\"https:\/\/yourjob.ba\/wp-content\/uploads\/2025\/07\/IMG_5457-2-scaled.jpeg\" class=\"attachment-post-thumbnail size-post-thumbnail wp-post-image\" alt=\"Antonijina pri\u010da: Strpljenjem do prilike \u2013 prvi posao u struci uz podr\u0161ku YourJob projekta\" style=\"border-radius:61px;border-style:none;border-width:0px;object-fit:cover;\" srcset=\"https:\/\/yourjob.ba\/wp-content\/uploads\/2025\/07\/IMG_5457-2-scaled.jpeg 2560w, https:\/\/yourjob.ba\/wp-content\/uploads\/2025\/07\/IMG_5457-2-300x225.jpeg 300w, https:\/\/yourjob.ba\/wp-content\/uploads\/2025\/07\/IMG_5457-2-1024x768.jpeg 1024w, https:\/\/yourjob.ba\/wp-content\/uploads\/2025\/07\/IMG_5457-2-768x576.jpeg 768w, https:\/\/yourjob.ba\/wp-content\/uploads\/2025\/07\/IMG_5457-2-1536x1152.jpeg 1536w, https:\/\/yourjob.ba\/wp-content\/uploads\/2025\/07\/IMG_5457-2-2048x1536.jpeg 2048w\" sizes=\"auto, (max-width: 2560px) 100vw, 2560px\" \/><\/a><\/figure>\n\n<div class=\"wp-block-post-date has-small-font-size\"><time datetime=\"2025-08-18T13:30:00+00:00\">August 18, 2025<\/time><\/div>\n\n<h3 class=\"wp-block-post-title\"><a href=\"https:\/\/yourjob.ba\/index.php\/2025\/08\/18\/antonijina-prica-strpljenjem-do-prilike-prvi-posao-u-struci-uz-podrsku-yourjob-projekta\/\" target=\"_self\" >Antonijina pri\u010da: Strpljenjem do prilike \u2013 prvi posao u struci uz podr\u0161ku YourJob projekta<\/a><\/h3>\n<\/li><li class=\"wp-block-post post-544 post type-post status-publish format-standard has-post-thumbnail hentry category-price\">\n<figure class=\"wp-block-post-featured-image\"><a href=\"https:\/\/yourjob.ba\/index.php\/2025\/08\/08\/jovana-yourjob-kao-podstrek-za-karijeru-u-it-ju-i-umjetnosti\/\" target=\"_blank\"  ><img loading=\"lazy\" decoding=\"async\" width=\"2560\" height=\"1440\" src=\"https:\/\/yourjob.ba\/wp-content\/uploads\/2025\/08\/20250517_204822__-scaled.jpg\" class=\"attachment-post-thumbnail size-post-thumbnail wp-post-image\" alt=\"Jovana: YourJob kao podstrek za karijeru u IT-ju i umjetnosti\" style=\"border-radius:61px;border-style:none;border-width:0px;object-fit:cover;\" srcset=\"https:\/\/yourjob.ba\/wp-content\/uploads\/2025\/08\/20250517_204822__-scaled.jpg 2560w, https:\/\/yourjob.ba\/wp-content\/uploads\/2025\/08\/20250517_204822__-300x169.jpg 300w, https:\/\/yourjob.ba\/wp-content\/uploads\/2025\/08\/20250517_204822__-1024x576.jpg 1024w, https:\/\/yourjob.ba\/wp-content\/uploads\/2025\/08\/20250517_204822__-768x432.jpg 768w, https:\/\/yourjob.ba\/wp-content\/uploads\/2025\/08\/20250517_204822__-1536x864.jpg 1536w, https:\/\/yourjob.ba\/wp-content\/uploads\/2025\/08\/20250517_204822__-2048x1152.jpg 2048w\" sizes=\"auto, (max-width: 2560px) 100vw, 2560px\" \/><\/a><\/figure>\n\n<div class=\"wp-block-post-date has-small-font-size\"><time datetime=\"2025-08-08T14:35:11+00:00\">August 8, 2025<\/time><\/div>\n\n<h3 class=\"wp-block-post-title\"><a href=\"https:\/\/yourjob.ba\/index.php\/2025\/08\/08\/jovana-yourjob-kao-podstrek-za-karijeru-u-it-ju-i-umjetnosti\/\" target=\"_self\" >Jovana: YourJob kao podstrek za karijeru u IT-ju i umjetnosti<\/a><\/h3>\n<\/li><li class=\"wp-block-post post-276 post type-post status-publish format-standard has-post-thumbnail hentry category-price\">\n<figure class=\"wp-block-post-featured-image\"><a href=\"https:\/\/yourjob.ba\/index.php\/2025\/08\/06\/__trashed\/\" target=\"_blank\"  ><img loading=\"lazy\" decoding=\"async\" width=\"1600\" height=\"1200\" src=\"https:\/\/yourjob.ba\/wp-content\/uploads\/2025\/07\/WhatsApp-Slika-2025-07-16-u-14.27.52_6b5e7434-1.jpg\" class=\"attachment-post-thumbnail size-post-thumbnail wp-post-image\" alt=\"Sandra Orlovac \u2013 podr\u0161ka, motivacija i oslonac mladima na putu zapo\u0161ljavanja\" style=\"border-radius:61px;border-style:none;border-width:0px;object-fit:cover;\" srcset=\"https:\/\/yourjob.ba\/wp-content\/uploads\/2025\/07\/WhatsApp-Slika-2025-07-16-u-14.27.52_6b5e7434-1.jpg 1600w, https:\/\/yourjob.ba\/wp-content\/uploads\/2025\/07\/WhatsApp-Slika-2025-07-16-u-14.27.52_6b5e7434-1-300x225.jpg 300w, https:\/\/yourjob.ba\/wp-content\/uploads\/2025\/07\/WhatsApp-Slika-2025-07-16-u-14.27.52_6b5e7434-1-1024x768.jpg 1024w, https:\/\/yourjob.ba\/wp-content\/uploads\/2025\/07\/WhatsApp-Slika-2025-07-16-u-14.27.52_6b5e7434-1-768x576.jpg 768w, https:\/\/yourjob.ba\/wp-content\/uploads\/2025\/07\/WhatsApp-Slika-2025-07-16-u-14.27.52_6b5e7434-1-1536x1152.jpg 1536w\" sizes=\"auto, (max-width: 1600px) 100vw, 1600px\" \/><\/a><\/figure>\n\n<div class=\"wp-block-post-date has-small-font-size\"><time datetime=\"2025-08-06T20:47:52+00:00\">August 6, 2025<\/time><\/div>\n\n<h3 class=\"wp-block-post-title\"><a href=\"https:\/\/yourjob.ba\/index.php\/2025\/08\/06\/__trashed\/\" target=\"_self\" >Sandra Orlovac \u2013 podr\u0161ka, motivacija i oslonac mladima na putu zapo\u0161ljavanja<\/a><\/h3>\n<\/li><li class=\"wp-block-post post-502 post type-post status-publish format-standard has-post-thumbnail hentry category-price\">\n<figure class=\"wp-block-post-featured-image\"><a href=\"https:\/\/yourjob.ba\/index.php\/2025\/08\/03\/ermin-uz-pravu-podrsku-do-sigurnog-radnog-mjesta-i-samopouzdanja\/\" target=\"_blank\"  ><img loading=\"lazy\" decoding=\"async\" width=\"1536\" height=\"1227\" src=\"https:\/\/yourjob.ba\/wp-content\/uploads\/2025\/07\/PHOTO-2025-05-28-12-16-13a.jpg\" class=\"attachment-post-thumbnail size-post-thumbnail wp-post-image\" alt=\"Ermin: Uz pravu podr\u0161ku \u2013 do sigurnog radnog mjesta i samopouzdanja\" style=\"border-radius:61px;border-style:none;border-width:0px;object-fit:cover;\" srcset=\"https:\/\/yourjob.ba\/wp-content\/uploads\/2025\/07\/PHOTO-2025-05-28-12-16-13a.jpg 1536w, https:\/\/yourjob.ba\/wp-content\/uploads\/2025\/07\/PHOTO-2025-05-28-12-16-13a-300x240.jpg 300w, https:\/\/yourjob.ba\/wp-content\/uploads\/2025\/07\/PHOTO-2025-05-28-12-16-13a-1024x818.jpg 1024w, https:\/\/yourjob.ba\/wp-content\/uploads\/2025\/07\/PHOTO-2025-05-28-12-16-13a-768x614.jpg 768w\" sizes=\"auto, (max-width: 1536px) 100vw, 1536px\" \/><\/a><\/figure>\n\n<div class=\"wp-block-post-date has-small-font-size\"><time datetime=\"2025-08-03T20:38:18+00:00\">August 3, 2025<\/time><\/div>\n\n<h3 class=\"wp-block-post-title\"><a href=\"https:\/\/yourjob.ba\/index.php\/2025\/08\/03\/ermin-uz-pravu-podrsku-do-sigurnog-radnog-mjesta-i-samopouzdanja\/\" target=\"_self\" >Ermin: Uz pravu podr\u0161ku \u2013 do sigurnog radnog mjesta i samopouzdanja<\/a><\/h3>\n<\/li><li class=\"wp-block-post post-523 post type-post status-publish format-standard has-post-thumbnail hentry category-price\">\n<figure class=\"wp-block-post-featured-image\"><a href=\"https:\/\/yourjob.ba\/index.php\/2025\/07\/28\/savjetnica-koja-mladima-pomaze-da-ponovo-povjeruju-u-sebe\/\" target=\"_blank\"  ><img loading=\"lazy\" decoding=\"async\" width=\"2560\" height=\"1440\" src=\"https:\/\/yourjob.ba\/wp-content\/uploads\/2025\/07\/IMG_2811-1-scaled.jpg\" class=\"attachment-post-thumbnail size-post-thumbnail wp-post-image\" alt=\"Savjetnica koja mladima poma\u017ee da ponovo povjeruju u sebe\" style=\"border-radius:61px;border-style:none;border-width:0px;object-fit:cover;\" srcset=\"https:\/\/yourjob.ba\/wp-content\/uploads\/2025\/07\/IMG_2811-1-scaled.jpg 2560w, https:\/\/yourjob.ba\/wp-content\/uploads\/2025\/07\/IMG_2811-1-300x169.jpg 300w, https:\/\/yourjob.ba\/wp-content\/uploads\/2025\/07\/IMG_2811-1-1024x576.jpg 1024w, https:\/\/yourjob.ba\/wp-content\/uploads\/2025\/07\/IMG_2811-1-768x432.jpg 768w, https:\/\/yourjob.ba\/wp-content\/uploads\/2025\/07\/IMG_2811-1-1536x864.jpg 1536w, https:\/\/yourjob.ba\/wp-content\/uploads\/2025\/07\/IMG_2811-1-2048x1152.jpg 2048w\" sizes=\"auto, (max-width: 2560px) 100vw, 2560px\" \/><\/a><\/figure>\n\n<div class=\"wp-block-post-date has-small-font-size\"><time datetime=\"2025-07-28T14:49:29+00:00\">July 28, 2025<\/time><\/div>\n\n<h3 class=\"wp-block-post-title\"><a href=\"https:\/\/yourjob.ba\/index.php\/2025\/07\/28\/savjetnica-koja-mladima-pomaze-da-ponovo-povjeruju-u-sebe\/\" target=\"_self\" >Savjetnica koja mladima poma\u017ee da ponovo povjeruju u sebe<\/a><\/h3>\n<\/li><li class=\"wp-block-post post-236 post type-post status-publish format-standard has-post-thumbnail hentry category-price\">\n<figure class=\"wp-block-post-featured-image\"><a href=\"https:\/\/yourjob.ba\/index.php\/2025\/07\/17\/darko-bilic-znanje-koje-lijeci-i-pokrece\/\" target=\"_blank\"  ><img loading=\"lazy\" decoding=\"async\" width=\"1707\" height=\"960\" src=\"https:\/\/yourjob.ba\/wp-content\/uploads\/2025\/07\/Darko-Bilic-2.jpg\" class=\"attachment-post-thumbnail size-post-thumbnail wp-post-image\" alt=\"Darko Bili\u0107: Znanje koje lije\u010di i pokre\u0107e\u00a0\" style=\"border-radius:61px;border-style:none;border-width:0px;object-fit:cover;\" srcset=\"https:\/\/yourjob.ba\/wp-content\/uploads\/2025\/07\/Darko-Bilic-2.jpg 1707w, https:\/\/yourjob.ba\/wp-content\/uploads\/2025\/07\/Darko-Bilic-2-300x169.jpg 300w, https:\/\/yourjob.ba\/wp-content\/uploads\/2025\/07\/Darko-Bilic-2-1024x576.jpg 1024w, https:\/\/yourjob.ba\/wp-content\/uploads\/2025\/07\/Darko-Bilic-2-768x432.jpg 768w, https:\/\/yourjob.ba\/wp-content\/uploads\/2025\/07\/Darko-Bilic-2-1536x864.jpg 1536w\" sizes=\"auto, (max-width: 1707px) 100vw, 1707px\" \/><\/a><\/figure>\n\n<div class=\"wp-block-post-date has-small-font-size\"><time datetime=\"2025-07-17T10:49:44+00:00\">July 17, 2025<\/time><\/div>\n\n<h3 class=\"wp-block-post-title\"><a href=\"https:\/\/yourjob.ba\/index.php\/2025\/07\/17\/darko-bilic-znanje-koje-lijeci-i-pokrece\/\" target=\"_self\" >Darko Bili\u0107: Znanje koje lije\u010di i pokre\u0107e\u00a0<\/a><\/h3>\n<\/li><li class=\"wp-block-post post-246 post type-post status-publish format-standard has-post-thumbnail hentry category-price\">\n<figure class=\"wp-block-post-featured-image\"><a href=\"https:\/\/yourjob.ba\/index.php\/2025\/07\/16\/stjepana-i-matea-kada-digitalni-marketing-otvori-vrata-novim-prilikama\/\" target=\"_blank\"  ><img loading=\"lazy\" decoding=\"async\" width=\"2560\" height=\"1440\" src=\"https:\/\/yourjob.ba\/wp-content\/uploads\/2025\/07\/image00001-1-scaled.jpeg\" class=\"attachment-post-thumbnail size-post-thumbnail wp-post-image\" alt=\"Stjepana i Matea: Kada digitalni marketing otvori vrata novim prilikama\u00a0\" style=\"border-radius:61px;border-style:none;border-width:0px;object-fit:cover;\" srcset=\"https:\/\/yourjob.ba\/wp-content\/uploads\/2025\/07\/image00001-1-scaled.jpeg 2560w, https:\/\/yourjob.ba\/wp-content\/uploads\/2025\/07\/image00001-1-300x169.jpeg 300w, https:\/\/yourjob.ba\/wp-content\/uploads\/2025\/07\/image00001-1-1024x576.jpeg 1024w, https:\/\/yourjob.ba\/wp-content\/uploads\/2025\/07\/image00001-1-768x432.jpeg 768w, https:\/\/yourjob.ba\/wp-content\/uploads\/2025\/07\/image00001-1-1536x864.jpeg 1536w, https:\/\/yourjob.ba\/wp-content\/uploads\/2025\/07\/image00001-1-2048x1152.jpeg 2048w\" sizes=\"auto, (max-width: 2560px) 100vw, 2560px\" \/><\/a><\/figure>\n\n<div class=\"wp-block-post-date has-small-font-size\"><time datetime=\"2025-07-16T07:53:59+00:00\">July 16, 2025<\/time><\/div>\n\n<h3 class=\"wp-block-post-title\"><a href=\"https:\/\/yourjob.ba\/index.php\/2025\/07\/16\/stjepana-i-matea-kada-digitalni-marketing-otvori-vrata-novim-prilikama\/\" target=\"_self\" >Stjepana i Matea: Kada digitalni marketing otvori vrata novim prilikama\u00a0<\/a><\/h3>\n<\/li><li class=\"wp-block-post post-223 post type-post status-publish format-standard has-post-thumbnail hentry category-price\">\n<figure class=\"wp-block-post-featured-image\"><a href=\"https:\/\/yourjob.ba\/index.php\/2025\/05\/27\/tea-kada-ljubav-prema-rukotvorinama-postane-zivotni-poziv\/\" target=\"_blank\"  ><img loading=\"lazy\" decoding=\"async\" width=\"943\" height=\"1415\" src=\"https:\/\/yourjob.ba\/wp-content\/uploads\/2025\/05\/d92dbbc8-6f07-4f0c-9452-44a1117d599f.jpeg\" class=\"attachment-post-thumbnail size-post-thumbnail wp-post-image\" alt=\"Tea: Kada ljubav prema rukotvorinama postane \u017eivotni poziv\u00a0\" style=\"border-radius:61px;border-style:none;border-width:0px;object-fit:cover;\" srcset=\"https:\/\/yourjob.ba\/wp-content\/uploads\/2025\/05\/d92dbbc8-6f07-4f0c-9452-44a1117d599f.jpeg 943w, https:\/\/yourjob.ba\/wp-content\/uploads\/2025\/05\/d92dbbc8-6f07-4f0c-9452-44a1117d599f-200x300.jpeg 200w, https:\/\/yourjob.ba\/wp-content\/uploads\/2025\/05\/d92dbbc8-6f07-4f0c-9452-44a1117d599f-682x1024.jpeg 682w, https:\/\/yourjob.ba\/wp-content\/uploads\/2025\/05\/d92dbbc8-6f07-4f0c-9452-44a1117d599f-768x1152.jpeg 768w\" sizes=\"auto, (max-width: 943px) 100vw, 943px\" \/><\/a><\/figure>\n\n<div class=\"wp-block-post-date has-small-font-size\"><time datetime=\"2025-05-27T13:54:12+00:00\">May 27, 2025<\/time><\/div>\n\n<h3 class=\"wp-block-post-title\"><a href=\"https:\/\/yourjob.ba\/index.php\/2025\/05\/27\/tea-kada-ljubav-prema-rukotvorinama-postane-zivotni-poziv\/\" target=\"_self\" >Tea: Kada ljubav prema rukotvorinama postane \u017eivotni poziv\u00a0<\/a><\/h3>\n<\/li><li class=\"wp-block-post post-199 post type-post status-publish format-standard has-post-thumbnail hentry category-price\">\n<figure class=\"wp-block-post-featured-image\"><a href=\"https:\/\/yourjob.ba\/index.php\/2025\/05\/27\/sandro-crepulja\/\" target=\"_blank\"  ><img loading=\"lazy\" decoding=\"async\" width=\"2048\" height=\"1536\" src=\"https:\/\/yourjob.ba\/wp-content\/uploads\/2025\/05\/399eccf3-532e-420f-ac84-ef551bfee130-1.jpeg\" class=\"attachment-post-thumbnail size-post-thumbnail wp-post-image\" alt=\"Sandro: Ljubav prema biljkama pretvorio u \u017eivotni poziv\" style=\"border-radius:61px;border-style:none;border-width:0px;object-fit:cover;\" srcset=\"https:\/\/yourjob.ba\/wp-content\/uploads\/2025\/05\/399eccf3-532e-420f-ac84-ef551bfee130-1.jpeg 2048w, https:\/\/yourjob.ba\/wp-content\/uploads\/2025\/05\/399eccf3-532e-420f-ac84-ef551bfee130-1-300x225.jpeg 300w, https:\/\/yourjob.ba\/wp-content\/uploads\/2025\/05\/399eccf3-532e-420f-ac84-ef551bfee130-1-1024x768.jpeg 1024w, https:\/\/yourjob.ba\/wp-content\/uploads\/2025\/05\/399eccf3-532e-420f-ac84-ef551bfee130-1-768x576.jpeg 768w, https:\/\/yourjob.ba\/wp-content\/uploads\/2025\/05\/399eccf3-532e-420f-ac84-ef551bfee130-1-1536x1152.jpeg 1536w\" sizes=\"auto, (max-width: 2048px) 100vw, 2048px\" \/><\/a><\/figure>\n\n<div class=\"wp-block-post-date has-small-font-size\"><time datetime=\"2025-05-27T11:27:26+00:00\">May 27, 2025<\/time><\/div>\n\n<h3 class=\"wp-block-post-title\"><a href=\"https:\/\/yourjob.ba\/index.php\/2025\/05\/27\/sandro-crepulja\/\" target=\"_self\" >Sandro: Ljubav prema biljkama pretvorio u \u017eivotni poziv<\/a><\/h3>\n<\/li><li class=\"wp-block-post post-347 post type-post status-publish format-standard has-post-thumbnail hentry category-price tag-bih tag-caritasbih tag-dizajn tag-mladiuakciji tag-mladiuzaposljavanju tag-obuka tag-preduzetnistvo tag-uspjesnaprica tag-vetpreneur tag-wmta tag-yourjobbih\">\n<figure class=\"wp-block-post-featured-image\"><a href=\"https:\/\/yourjob.ba\/index.php\/2025\/05\/14\/leontina-racic-kako-je-obuka-iz-dizajna-interijera-otvorila-vrata-medunarodnoj-prilici\/\" target=\"_blank\"  ><img loading=\"lazy\" decoding=\"async\" width=\"1200\" height=\"1600\" src=\"https:\/\/yourjob.ba\/wp-content\/uploads\/2025\/07\/IMG-da172b2cd9c78aa525240bcb19e9cfe8-V-1.jpg\" class=\"attachment-post-thumbnail size-post-thumbnail wp-post-image\" alt=\"Leontina Ra\u010di\u0107: Kako je obuka iz dizajna interijera otvorila vrata me\u0111unarodnoj prilici\" style=\"border-radius:61px;border-style:none;border-width:0px;object-fit:cover;\" srcset=\"https:\/\/yourjob.ba\/wp-content\/uploads\/2025\/07\/IMG-da172b2cd9c78aa525240bcb19e9cfe8-V-1.jpg 1200w, https:\/\/yourjob.ba\/wp-content\/uploads\/2025\/07\/IMG-da172b2cd9c78aa525240bcb19e9cfe8-V-1-225x300.jpg 225w, https:\/\/yourjob.ba\/wp-content\/uploads\/2025\/07\/IMG-da172b2cd9c78aa525240bcb19e9cfe8-V-1-768x1024.jpg 768w, https:\/\/yourjob.ba\/wp-content\/uploads\/2025\/07\/IMG-da172b2cd9c78aa525240bcb19e9cfe8-V-1-1152x1536.jpg 1152w\" sizes=\"auto, (max-width: 1200px) 100vw, 1200px\" \/><\/a><\/figure>\n\n<div class=\"wp-block-post-date has-small-font-size\"><time datetime=\"2025-05-14T12:45:00+00:00\">May 14, 2025<\/time><\/div>\n\n<h3 class=\"wp-block-post-title\"><a href=\"https:\/\/yourjob.ba\/index.php\/2025\/05\/14\/leontina-racic-kako-je-obuka-iz-dizajna-interijera-otvorila-vrata-medunarodnoj-prilici\/\" target=\"_self\" >Leontina Ra\u010di\u0107: Kako je obuka iz dizajna interijera otvorila vrata me\u0111unarodnoj prilici<\/a><\/h3>\n<\/li><li class=\"wp-block-post post-370 post type-post status-publish format-standard has-post-thumbnail hentry category-price tag-caritasbih tag-grant tag-mojbiznis tag-podrskamladima tag-yourjobbih\">\n<figure class=\"wp-block-post-featured-image\"><a href=\"https:\/\/yourjob.ba\/index.php\/2025\/04\/16\/danijelova-prica-kako-je-uz-podrsku-yourjob-projekta-ostvario-svoj-san\/\" target=\"_blank\"  ><img loading=\"lazy\" decoding=\"async\" width=\"1080\" height=\"1080\" src=\"https:\/\/yourjob.ba\/wp-content\/uploads\/2025\/07\/3.png\" class=\"attachment-post-thumbnail size-post-thumbnail wp-post-image\" alt=\"Danijelova pri\u010da: Kako je uz podr\u0161ku YourJob projekta ostvario svoj san\" style=\"border-radius:61px;border-style:none;border-width:0px;object-fit:cover;\" srcset=\"https:\/\/yourjob.ba\/wp-content\/uploads\/2025\/07\/3.png 1080w, https:\/\/yourjob.ba\/wp-content\/uploads\/2025\/07\/3-300x300.png 300w, https:\/\/yourjob.ba\/wp-content\/uploads\/2025\/07\/3-1024x1024.png 1024w, https:\/\/yourjob.ba\/wp-content\/uploads\/2025\/07\/3-150x150.png 150w, https:\/\/yourjob.ba\/wp-content\/uploads\/2025\/07\/3-768x768.png 768w\" sizes=\"auto, (max-width: 1080px) 100vw, 1080px\" \/><\/a><\/figure>\n\n<div class=\"wp-block-post-date has-small-font-size\"><time datetime=\"2025-04-16T06:33:00+00:00\">April 16, 2025<\/time><\/div>\n\n<h3 class=\"wp-block-post-title\"><a href=\"https:\/\/yourjob.ba\/index.php\/2025\/04\/16\/danijelova-prica-kako-je-uz-podrsku-yourjob-projekta-ostvario-svoj-san\/\" target=\"_self\" >Danijelova pri\u010da: Kako je uz podr\u0161ku YourJob projekta ostvario svoj san<\/a><\/h3>\n<\/li><li class=\"wp-block-post post-747 post type-post status-publish format-standard has-post-thumbnail hentry category-price\">\n<figure class=\"wp-block-post-featured-image\"><a href=\"https:\/\/yourjob.ba\/index.php\/2024\/01\/17\/ucenje-i-upornost-otvaraju-vrata-marina-maric-o-svom-profesionalnom-razvoju-u-it-u\/\" target=\"_blank\"  ><img loading=\"lazy\" decoding=\"async\" width=\"1053\" height=\"1601\" src=\"https:\/\/yourjob.ba\/wp-content\/uploads\/2025\/10\/487054544_1168707641932690_7834675792719839060_n.jpg\" class=\"attachment-post-thumbnail size-post-thumbnail wp-post-image\" alt=\"U\u010denje i upornost otvaraju vrata\u201c \u2013 Marina Mari\u0107 o svom profesionalnom razvoju u IT-u\" style=\"border-radius:61px;border-style:none;border-width:0px;object-fit:cover;\" srcset=\"https:\/\/yourjob.ba\/wp-content\/uploads\/2025\/10\/487054544_1168707641932690_7834675792719839060_n.jpg 1053w, https:\/\/yourjob.ba\/wp-content\/uploads\/2025\/10\/487054544_1168707641932690_7834675792719839060_n-197x300.jpg 197w, https:\/\/yourjob.ba\/wp-content\/uploads\/2025\/10\/487054544_1168707641932690_7834675792719839060_n-673x1024.jpg 673w, https:\/\/yourjob.ba\/wp-content\/uploads\/2025\/10\/487054544_1168707641932690_7834675792719839060_n-768x1168.jpg 768w, https:\/\/yourjob.ba\/wp-content\/uploads\/2025\/10\/487054544_1168707641932690_7834675792719839060_n-1010x1536.jpg 1010w\" sizes=\"auto, (max-width: 1053px) 100vw, 1053px\" \/><\/a><\/figure>\n\n<div class=\"wp-block-post-date has-small-font-size\"><time datetime=\"2024-01-17T13:17:00+00:00\">January 17, 2024<\/time><\/div>\n\n<h3 class=\"wp-block-post-title\"><a href=\"https:\/\/yourjob.ba\/index.php\/2024\/01\/17\/ucenje-i-upornost-otvaraju-vrata-marina-maric-o-svom-profesionalnom-razvoju-u-it-u\/\" target=\"_self\" >U\u010denje i upornost otvaraju vrata\u201c \u2013 Marina Mari\u0107 o svom profesionalnom razvoju u IT-u<\/a><\/h3>\n<\/li><li class=\"wp-block-post post-731 post type-post status-publish format-standard has-post-thumbnail hentry category-price\">\n<figure class=\"wp-block-post-featured-image\"><a href=\"https:\/\/yourjob.ba\/index.php\/2024\/01\/04\/731\/\" target=\"_blank\"  ><img loading=\"lazy\" decoding=\"async\" width=\"1200\" height=\"1200\" src=\"https:\/\/yourjob.ba\/wp-content\/uploads\/2025\/10\/487303690_1168376985299089_5168386490353028324_n.jpg\" class=\"attachment-post-thumbnail size-post-thumbnail wp-post-image\" alt=\"Stefan iz Banje Luke: Uz YourJob sam napravio prvi korak prema karijeri u IT sektoru\u201c\" style=\"border-radius:61px;border-style:none;border-width:0px;object-fit:cover;\" srcset=\"https:\/\/yourjob.ba\/wp-content\/uploads\/2025\/10\/487303690_1168376985299089_5168386490353028324_n.jpg 1200w, https:\/\/yourjob.ba\/wp-content\/uploads\/2025\/10\/487303690_1168376985299089_5168386490353028324_n-300x300.jpg 300w, https:\/\/yourjob.ba\/wp-content\/uploads\/2025\/10\/487303690_1168376985299089_5168386490353028324_n-1024x1024.jpg 1024w, https:\/\/yourjob.ba\/wp-content\/uploads\/2025\/10\/487303690_1168376985299089_5168386490353028324_n-150x150.jpg 150w, https:\/\/yourjob.ba\/wp-content\/uploads\/2025\/10\/487303690_1168376985299089_5168386490353028324_n-768x768.jpg 768w\" sizes=\"auto, (max-width: 1200px) 100vw, 1200px\" \/><\/a><\/figure>\n\n<div class=\"wp-block-post-date has-small-font-size\"><time datetime=\"2024-01-04T12:42:00+00:00\">January 4, 2024<\/time><\/div>\n\n<h3 class=\"wp-block-post-title\"><a href=\"https:\/\/yourjob.ba\/index.php\/2024\/01\/04\/731\/\" target=\"_self\" >Stefan iz Banje Luke: Uz YourJob sam napravio prvi korak prema karijeri u IT sektoru\u201c<\/a><\/h3>\n<\/li><li class=\"wp-block-post post-741 post type-post status-publish format-standard has-post-thumbnail hentry category-price\">\n<figure class=\"wp-block-post-featured-image\"><a href=\"https:\/\/yourjob.ba\/index.php\/2022\/01\/11\/pripravnicki-staz-i-posao-u-struci-katarinina-yourjob-prica\/\" target=\"_blank\"  ><img loading=\"lazy\" decoding=\"async\" width=\"370\" height=\"462\" src=\"https:\/\/yourjob.ba\/wp-content\/uploads\/2025\/10\/271741291_1586407911714956_6587289290993462673_n.png\" class=\"attachment-post-thumbnail size-post-thumbnail wp-post-image\" alt=\"Pripravni\u010dki sta\u017e i posao u struci: Katarinina YourJob pri\u010da\" style=\"border-radius:61px;border-style:none;border-width:0px;object-fit:cover;\" srcset=\"https:\/\/yourjob.ba\/wp-content\/uploads\/2025\/10\/271741291_1586407911714956_6587289290993462673_n.png 370w, https:\/\/yourjob.ba\/wp-content\/uploads\/2025\/10\/271741291_1586407911714956_6587289290993462673_n-240x300.png 240w\" sizes=\"auto, (max-width: 370px) 100vw, 370px\" \/><\/a><\/figure>\n\n<div class=\"wp-block-post-date has-small-font-size\"><time datetime=\"2022-01-11T13:02:00+00:00\">January 11, 2022<\/time><\/div>\n\n<h3 class=\"wp-block-post-title\"><a href=\"https:\/\/yourjob.ba\/index.php\/2022\/01\/11\/pripravnicki-staz-i-posao-u-struci-katarinina-yourjob-prica\/\" target=\"_self\" >Pripravni\u010dki sta\u017e i posao u struci: Katarinina YourJob pri\u010da<\/a><\/h3>\n<\/li><li class=\"wp-block-post post-301 post type-post status-publish format-standard has-post-thumbnail hentry category-price tag-caritasbih-mladi-prilike-uspjesnaprica-luka-mostar tag-caritasbih tag-kakopronaciposao tag-mostar tag-podrskamladima-2 tag-pripravnik tag-yourjob tag-yourjobbih\">\n<figure class=\"wp-block-post-featured-image\"><a href=\"https:\/\/yourjob.ba\/index.php\/2022\/01\/06\/luka-moj-put-nakon-fakulteta\/\" target=\"_blank\"  ><img loading=\"lazy\" decoding=\"async\" width=\"2016\" height=\"1512\" src=\"https:\/\/yourjob.ba\/wp-content\/uploads\/2022\/01\/474633305_2368417736847299_4143561856179002458_n.jpg\" class=\"attachment-post-thumbnail size-post-thumbnail wp-post-image\" alt=\"Luka: moj put nakon fakulteta\" style=\"border-radius:61px;border-style:none;border-width:0px;object-fit:cover;\" srcset=\"https:\/\/yourjob.ba\/wp-content\/uploads\/2022\/01\/474633305_2368417736847299_4143561856179002458_n.jpg 2016w, https:\/\/yourjob.ba\/wp-content\/uploads\/2022\/01\/474633305_2368417736847299_4143561856179002458_n-300x225.jpg 300w, https:\/\/yourjob.ba\/wp-content\/uploads\/2022\/01\/474633305_2368417736847299_4143561856179002458_n-1024x768.jpg 1024w, https:\/\/yourjob.ba\/wp-content\/uploads\/2022\/01\/474633305_2368417736847299_4143561856179002458_n-768x576.jpg 768w, https:\/\/yourjob.ba\/wp-content\/uploads\/2022\/01\/474633305_2368417736847299_4143561856179002458_n-1536x1152.jpg 1536w\" sizes=\"auto, (max-width: 2016px) 100vw, 2016px\" \/><\/a><\/figure>\n\n<div class=\"wp-block-post-date has-small-font-size\"><time datetime=\"2022-01-06T09:28:00+00:00\">January 6, 2022<\/time><\/div>\n\n<h3 class=\"wp-block-post-title\"><a href=\"https:\/\/yourjob.ba\/index.php\/2022\/01\/06\/luka-moj-put-nakon-fakulteta\/\" target=\"_self\" >Luka: moj put nakon fakulteta<\/a><\/h3>\n<\/li><li class=\"wp-block-post post-738 post type-post status-publish format-standard has-post-thumbnail hentry category-price\">\n<figure class=\"wp-block-post-featured-image\"><a href=\"https:\/\/yourjob.ba\/index.php\/2021\/12\/02\/od-studenta-informatike-do-mladog-poduzetnika-prica-martina-cilica-i-projekta-yourjob\/\" target=\"_blank\"  ><img loading=\"lazy\" decoding=\"async\" width=\"1759\" height=\"2048\" src=\"https:\/\/yourjob.ba\/wp-content\/uploads\/2025\/10\/473733870_2367134233642316_4097283316683089074_n.jpg\" class=\"attachment-post-thumbnail size-post-thumbnail wp-post-image\" alt=\"Od studenta informatike do mladog poduzetnika \u2013 pri\u010da Martina \u010cili\u0107a i projekta YourJob\" style=\"border-radius:61px;border-style:none;border-width:0px;object-fit:cover;\" srcset=\"https:\/\/yourjob.ba\/wp-content\/uploads\/2025\/10\/473733870_2367134233642316_4097283316683089074_n.jpg 1759w, https:\/\/yourjob.ba\/wp-content\/uploads\/2025\/10\/473733870_2367134233642316_4097283316683089074_n-258x300.jpg 258w, https:\/\/yourjob.ba\/wp-content\/uploads\/2025\/10\/473733870_2367134233642316_4097283316683089074_n-880x1024.jpg 880w, https:\/\/yourjob.ba\/wp-content\/uploads\/2025\/10\/473733870_2367134233642316_4097283316683089074_n-768x894.jpg 768w, https:\/\/yourjob.ba\/wp-content\/uploads\/2025\/10\/473733870_2367134233642316_4097283316683089074_n-1319x1536.jpg 1319w\" sizes=\"auto, (max-width: 1759px) 100vw, 1759px\" \/><\/a><\/figure>\n\n<div class=\"wp-block-post-date has-small-font-size\"><time datetime=\"2021-12-02T12:59:00+00:00\">December 2, 2021<\/time><\/div>\n\n<h3 class=\"wp-block-post-title\"><a href=\"https:\/\/yourjob.ba\/index.php\/2021\/12\/02\/od-studenta-informatike-do-mladog-poduzetnika-prica-martina-cilica-i-projekta-yourjob\/\" target=\"_self\" >Od studenta informatike do mladog poduzetnika \u2013 pri\u010da Martina \u010cili\u0107a i projekta YourJob<\/a><\/h3>\n<\/li><li class=\"wp-block-post post-750 post type-post status-publish format-standard has-post-thumbnail hentry category-price\">\n<figure class=\"wp-block-post-featured-image\"><a href=\"https:\/\/yourjob.ba\/index.php\/2021\/11\/10\/sonja-milincic-uz-upornost-i-yourjob-do-prve-prilike-u-pr-u\/\" target=\"_blank\"  ><img loading=\"lazy\" decoding=\"async\" width=\"2048\" height=\"1365\" src=\"https:\/\/yourjob.ba\/wp-content\/uploads\/2025\/10\/474089012_2366379220384484_2771785696228277616_n.jpg\" class=\"attachment-post-thumbnail size-post-thumbnail wp-post-image\" alt=\"Sonja Milin\u010di\u0107: Uz upornost i YourJob do prve prilike u PR-u\" style=\"border-radius:61px;border-style:none;border-width:0px;object-fit:cover;\" srcset=\"https:\/\/yourjob.ba\/wp-content\/uploads\/2025\/10\/474089012_2366379220384484_2771785696228277616_n.jpg 2048w, https:\/\/yourjob.ba\/wp-content\/uploads\/2025\/10\/474089012_2366379220384484_2771785696228277616_n-300x200.jpg 300w, https:\/\/yourjob.ba\/wp-content\/uploads\/2025\/10\/474089012_2366379220384484_2771785696228277616_n-1024x683.jpg 1024w, https:\/\/yourjob.ba\/wp-content\/uploads\/2025\/10\/474089012_2366379220384484_2771785696228277616_n-768x512.jpg 768w, https:\/\/yourjob.ba\/wp-content\/uploads\/2025\/10\/474089012_2366379220384484_2771785696228277616_n-1536x1024.jpg 1536w\" sizes=\"auto, (max-width: 2048px) 100vw, 2048px\" \/><\/a><\/figure>\n\n<div class=\"wp-block-post-date has-small-font-size\"><time datetime=\"2021-11-10T13:27:00+00:00\">November 10, 2021<\/time><\/div>\n\n<h3 class=\"wp-block-post-title\"><a href=\"https:\/\/yourjob.ba\/index.php\/2021\/11\/10\/sonja-milincic-uz-upornost-i-yourjob-do-prve-prilike-u-pr-u\/\" target=\"_self\" >Sonja Milin\u010di\u0107: Uz upornost i YourJob do prve prilike u PR-u<\/a><\/h3>\n<\/li><li class=\"wp-block-post post-734 post type-post status-publish format-standard has-post-thumbnail hentry category-price\">\n<figure class=\"wp-block-post-featured-image\"><a href=\"https:\/\/yourjob.ba\/index.php\/2021\/08\/24\/734\/\" target=\"_blank\"  ><img loading=\"lazy\" decoding=\"async\" width=\"514\" height=\"640\" src=\"https:\/\/yourjob.ba\/wp-content\/uploads\/2025\/10\/470217120_2339068916448848_3749456671580395398_n.jpg\" class=\"attachment-post-thumbnail size-post-thumbnail wp-post-image\" alt=\"Untitled post 734\" style=\"border-radius:61px;border-style:none;border-width:0px;object-fit:cover;\" srcset=\"https:\/\/yourjob.ba\/wp-content\/uploads\/2025\/10\/470217120_2339068916448848_3749456671580395398_n.jpg 514w, https:\/\/yourjob.ba\/wp-content\/uploads\/2025\/10\/470217120_2339068916448848_3749456671580395398_n-241x300.jpg 241w\" sizes=\"auto, (max-width: 514px) 100vw, 514px\" \/><\/a><\/figure>\n\n<div class=\"wp-block-post-date has-small-font-size\"><time datetime=\"2021-08-24T12:45:00+00:00\">August 24, 2021<\/time><\/div>\n\n\n<\/li><li class=\"wp-block-post post-845 post type-post status-publish format-standard has-post-thumbnail hentry category-price\">\n<figure class=\"wp-block-post-featured-image\"><a href=\"https:\/\/yourjob.ba\/index.php\/2021\/08\/19\/845\/\" target=\"_blank\"  ><img loading=\"lazy\" decoding=\"async\" width=\"1367\" height=\"1367\" src=\"https:\/\/yourjob.ba\/wp-content\/uploads\/2026\/01\/Marija-Maslac.jpg\" class=\"attachment-post-thumbnail size-post-thumbnail wp-post-image\" alt=\"Untitled post 845\" style=\"border-radius:61px;border-style:none;border-width:0px;object-fit:cover;\" srcset=\"https:\/\/yourjob.ba\/wp-content\/uploads\/2026\/01\/Marija-Maslac.jpg 1367w, https:\/\/yourjob.ba\/wp-content\/uploads\/2026\/01\/Marija-Maslac-300x300.jpg 300w, https:\/\/yourjob.ba\/wp-content\/uploads\/2026\/01\/Marija-Maslac-1024x1024.jpg 1024w, https:\/\/yourjob.ba\/wp-content\/uploads\/2026\/01\/Marija-Maslac-150x150.jpg 150w, https:\/\/yourjob.ba\/wp-content\/uploads\/2026\/01\/Marija-Maslac-768x768.jpg 768w\" sizes=\"auto, (max-width: 1367px) 100vw, 1367px\" \/><\/a><\/figure>\n\n<div class=\"wp-block-post-date has-small-font-size\"><time datetime=\"2021-08-19T12:43:00+00:00\">August 19, 2021<\/time><\/div>\n\n\n<\/li><li class=\"wp-block-post post-728 post type-post status-publish format-standard has-post-thumbnail hentry category-price\">\n<figure class=\"wp-block-post-featured-image\"><a href=\"https:\/\/yourjob.ba\/index.php\/2021\/08\/19\/od-skolskih-obuka-do-posla-iz-snova-prica-marije-maslac-iz-capljine\/\" target=\"_blank\"  ><img loading=\"lazy\" decoding=\"async\" width=\"1367\" height=\"1367\" src=\"https:\/\/yourjob.ba\/wp-content\/uploads\/2025\/10\/470186070_2339068736448866_4815954825464375163_n.jpg\" class=\"attachment-post-thumbnail size-post-thumbnail wp-post-image\" alt=\"Od \u0161kolskih obuka do posla iz snova \u2013 pri\u010da Marije Masla\u0107 iz \u010capljine\" style=\"border-radius:61px;border-style:none;border-width:0px;object-fit:cover;\" srcset=\"https:\/\/yourjob.ba\/wp-content\/uploads\/2025\/10\/470186070_2339068736448866_4815954825464375163_n.jpg 1367w, https:\/\/yourjob.ba\/wp-content\/uploads\/2025\/10\/470186070_2339068736448866_4815954825464375163_n-300x300.jpg 300w, https:\/\/yourjob.ba\/wp-content\/uploads\/2025\/10\/470186070_2339068736448866_4815954825464375163_n-1024x1024.jpg 1024w, https:\/\/yourjob.ba\/wp-content\/uploads\/2025\/10\/470186070_2339068736448866_4815954825464375163_n-150x150.jpg 150w, https:\/\/yourjob.ba\/wp-content\/uploads\/2025\/10\/470186070_2339068736448866_4815954825464375163_n-768x768.jpg 768w\" sizes=\"auto, (max-width: 1367px) 100vw, 1367px\" \/><\/a><\/figure>\n\n<div class=\"wp-block-post-date has-small-font-size\"><time datetime=\"2021-08-19T12:32:00+00:00\">August 19, 2021<\/time><\/div>\n\n<h3 class=\"wp-block-post-title\"><a href=\"https:\/\/yourjob.ba\/index.php\/2021\/08\/19\/od-skolskih-obuka-do-posla-iz-snova-prica-marije-maslac-iz-capljine\/\" target=\"_self\" >Od \u0161kolskih obuka do posla iz snova \u2013 pri\u010da Marije Masla\u0107 iz \u010capljine<\/a><\/h3>\n<\/li><li class=\"wp-block-post post-718 post type-post status-publish format-standard has-post-thumbnail hentry category-price\">\n<figure class=\"wp-block-post-featured-image\"><a href=\"https:\/\/yourjob.ba\/index.php\/2021\/08\/17\/uz-yourjob-do-prvog-posla-danijel-iz-prijedora-prica-svoju-pricu-o-pripravnistvu-i-uspjehu\/\" target=\"_blank\"  ><img loading=\"lazy\" decoding=\"async\" width=\"526\" height=\"526\" src=\"https:\/\/yourjob.ba\/wp-content\/uploads\/2025\/10\/470157819_2339068609782212_2412859975988180057_n.jpg\" class=\"attachment-post-thumbnail size-post-thumbnail wp-post-image\" alt=\"Uz YourJob do prvog posla: Danijel iz Prijedora pri\u010da svoju pri\u010du o pripravni\u0161tvu i uspjehu\" style=\"border-radius:61px;border-style:none;border-width:0px;object-fit:cover;\" srcset=\"https:\/\/yourjob.ba\/wp-content\/uploads\/2025\/10\/470157819_2339068609782212_2412859975988180057_n.jpg 526w, https:\/\/yourjob.ba\/wp-content\/uploads\/2025\/10\/470157819_2339068609782212_2412859975988180057_n-300x300.jpg 300w, https:\/\/yourjob.ba\/wp-content\/uploads\/2025\/10\/470157819_2339068609782212_2412859975988180057_n-150x150.jpg 150w\" sizes=\"auto, (max-width: 526px) 100vw, 526px\" \/><\/a><\/figure>\n\n<div class=\"wp-block-post-date has-small-font-size\"><time datetime=\"2021-08-17T12:02:00+00:00\">August 17, 2021<\/time><\/div>\n\n<h3 class=\"wp-block-post-title\"><a href=\"https:\/\/yourjob.ba\/index.php\/2021\/08\/17\/uz-yourjob-do-prvog-posla-danijel-iz-prijedora-prica-svoju-pricu-o-pripravnistvu-i-uspjehu\/\" target=\"_self\" >Uz YourJob do prvog posla: Danijel iz Prijedora pri\u010da svoju pri\u010du o pripravni\u0161tvu i uspjehu<\/a><\/h3>\n<\/li><li class=\"wp-block-post post-723 post type-post status-publish format-standard has-post-thumbnail hentry category-price\">\n<figure class=\"wp-block-post-featured-image\"><a href=\"https:\/\/yourjob.ba\/index.php\/2021\/08\/10\/kreativna-radionica-sivanja-u-suradnji-yourjob-tima-i-udruge-vedri-osmijeh\/\" target=\"_blank\"  ><img loading=\"lazy\" decoding=\"async\" width=\"1200\" height=\"1200\" src=\"https:\/\/yourjob.ba\/wp-content\/uploads\/2025\/10\/470185887_2339064499782623_8279296299218884097_n.jpg\" class=\"attachment-post-thumbnail size-post-thumbnail wp-post-image\" alt=\"Kreativna radionica \u0161ivanja u suradnji YourJob tima i Udruge Vedri osmijeh\" style=\"border-radius:61px;border-style:none;border-width:0px;object-fit:cover;\" srcset=\"https:\/\/yourjob.ba\/wp-content\/uploads\/2025\/10\/470185887_2339064499782623_8279296299218884097_n.jpg 1200w, https:\/\/yourjob.ba\/wp-content\/uploads\/2025\/10\/470185887_2339064499782623_8279296299218884097_n-300x300.jpg 300w, https:\/\/yourjob.ba\/wp-content\/uploads\/2025\/10\/470185887_2339064499782623_8279296299218884097_n-1024x1024.jpg 1024w, https:\/\/yourjob.ba\/wp-content\/uploads\/2025\/10\/470185887_2339064499782623_8279296299218884097_n-150x150.jpg 150w, https:\/\/yourjob.ba\/wp-content\/uploads\/2025\/10\/470185887_2339064499782623_8279296299218884097_n-768x768.jpg 768w\" sizes=\"auto, (max-width: 1200px) 100vw, 1200px\" \/><\/a><\/figure>\n\n<div class=\"wp-block-post-date has-small-font-size\"><time datetime=\"2021-08-10T12:28:00+00:00\">August 10, 2021<\/time><\/div>\n\n<h3 class=\"wp-block-post-title\"><a href=\"https:\/\/yourjob.ba\/index.php\/2021\/08\/10\/kreativna-radionica-sivanja-u-suradnji-yourjob-tima-i-udruge-vedri-osmijeh\/\" target=\"_self\" >Kreativna radionica \u0161ivanja u suradnji YourJob tima i Udruge Vedri osmijeh<\/a><\/h3>\n<\/li><li class=\"wp-block-post post-744 post type-post status-publish format-standard has-post-thumbnail hentry category-price\">\n<figure class=\"wp-block-post-featured-image\"><a href=\"https:\/\/yourjob.ba\/index.php\/2021\/08\/03\/kako-je-like-promijenio-monikin-zivot\/\" target=\"_blank\"  ><img loading=\"lazy\" decoding=\"async\" width=\"526\" height=\"526\" src=\"https:\/\/yourjob.ba\/wp-content\/uploads\/2025\/10\/470208357_2339064596449280_6175741548576754784_n.jpg\" class=\"attachment-post-thumbnail size-post-thumbnail wp-post-image\" alt=\"Kako je \u201eLIKE\u201c promijenio Monikin \u017eivot!\" style=\"border-radius:61px;border-style:none;border-width:0px;object-fit:cover;\" srcset=\"https:\/\/yourjob.ba\/wp-content\/uploads\/2025\/10\/470208357_2339064596449280_6175741548576754784_n.jpg 526w, https:\/\/yourjob.ba\/wp-content\/uploads\/2025\/10\/470208357_2339064596449280_6175741548576754784_n-300x300.jpg 300w, https:\/\/yourjob.ba\/wp-content\/uploads\/2025\/10\/470208357_2339064596449280_6175741548576754784_n-150x150.jpg 150w\" sizes=\"auto, (max-width: 526px) 100vw, 526px\" \/><\/a><\/figure>\n\n<div class=\"wp-block-post-date has-small-font-size\"><time datetime=\"2021-08-03T13:12:00+00:00\">August 3, 2021<\/time><\/div>\n\n<h3 class=\"wp-block-post-title\"><a href=\"https:\/\/yourjob.ba\/index.php\/2021\/08\/03\/kako-je-like-promijenio-monikin-zivot\/\" target=\"_self\" >Kako je \u201eLIKE\u201c promijenio Monikin \u017eivot!<\/a><\/h3>\n<\/li><li class=\"wp-block-post post-753 post type-post status-publish format-standard has-post-thumbnail hentry category-price\">\n<figure class=\"wp-block-post-featured-image\"><a href=\"https:\/\/yourjob.ba\/index.php\/2021\/05\/27\/david-brajkovic-prva-iskustva-na-pripravnickom-stazu-uz-podrsku-yourjob-projekta\/\" target=\"_blank\"  ><img loading=\"lazy\" decoding=\"async\" width=\"780\" height=\"975\" src=\"https:\/\/yourjob.ba\/wp-content\/uploads\/2025\/10\/191927491_1428238334198582_854213667355203315_n.png\" class=\"attachment-post-thumbnail size-post-thumbnail wp-post-image\" alt=\"David Brajkovi\u0107: Prva iskustva na pripravni\u010dkom sta\u017eu uz podr\u0161ku YourJob projekta\" style=\"border-radius:61px;border-style:none;border-width:0px;object-fit:cover;\" srcset=\"https:\/\/yourjob.ba\/wp-content\/uploads\/2025\/10\/191927491_1428238334198582_854213667355203315_n.png 780w, https:\/\/yourjob.ba\/wp-content\/uploads\/2025\/10\/191927491_1428238334198582_854213667355203315_n-240x300.png 240w, https:\/\/yourjob.ba\/wp-content\/uploads\/2025\/10\/191927491_1428238334198582_854213667355203315_n-768x960.png 768w\" sizes=\"auto, (max-width: 780px) 100vw, 780px\" \/><\/a><\/figure>\n\n<div class=\"wp-block-post-date has-small-font-size\"><time datetime=\"2021-05-27T13:30:00+00:00\">May 27, 2021<\/time><\/div>\n\n<h3 class=\"wp-block-post-title\"><a href=\"https:\/\/yourjob.ba\/index.php\/2021\/05\/27\/david-brajkovic-prva-iskustva-na-pripravnickom-stazu-uz-podrsku-yourjob-projekta\/\" target=\"_self\" >David Brajkovi\u0107: Prva iskustva na pripravni\u010dkom sta\u017eu uz podr\u0161ku YourJob projekta<\/a><\/h3>\n<\/li><\/ul><\/div>\n<\/div>\n<\/div>\n<\/div>\n<\/div>\n","protected":false},"excerpt":{"rendered":"","protected":false},"author":1,"featured_media":0,"parent":0,"menu_order":0,"comment_status":"closed","ping_status":"closed","template":"","meta":{"footnotes":""},"class_list":["post-167","page","type-page","status-publish","hentry"],"yoast_head":"<!-- This site is optimized with the Yoast SEO plugin v27.4 - https:\/\/yoast.com\/product\/yoast-seo-wordpress\/ -->\n<title>Uspje\u0161ne pri\u010de - Potpora zapo\u0161ljivosti i mogu\u0107nostima zapo\u0161ljavanja mladih<\/title>\n<meta name=\"robots\" content=\"index, follow, max-snippet:-1, max-image-preview:large, max-video-preview:-1\" \/>\n<link rel=\"canonical\" href=\"https:\/\/yourjob.ba\/index.php\/uspjesne-price\/\" \/>\n<meta property=\"og:locale\" content=\"en_US\" \/>\n<meta property=\"og:type\" content=\"article\" \/>\n<meta property=\"og:title\" content=\"Uspje\u0161ne pri\u010de - Potpora zapo\u0161ljivosti i mogu\u0107nostima zapo\u0161ljavanja mladih\" \/>\n<meta property=\"og:url\" content=\"https:\/\/yourjob.ba\/index.php\/uspjesne-price\/\" \/>\n<meta property=\"og:site_name\" content=\"Potpora zapo\u0161ljivosti i mogu\u0107nostima zapo\u0161ljavanja mladih\" \/>\n<meta property=\"article:modified_time\" content=\"2025-07-18T11:45:46+00:00\" \/>\n<meta name=\"twitter:card\" content=\"summary_large_image\" \/>\n<script type=\"application\/ld+json\" class=\"yoast-schema-graph\">{\"@context\":\"https:\\\/\\\/schema.org\",\"@graph\":[{\"@type\":\"WebPage\",\"@id\":\"https:\\\/\\\/yourjob.ba\\\/index.php\\\/uspjesne-price\\\/\",\"url\":\"https:\\\/\\\/yourjob.ba\\\/index.php\\\/uspjesne-price\\\/\",\"name\":\"Uspje\u0161ne pri\u010de - Potpora zapo\u0161ljivosti i mogu\u0107nostima zapo\u0161ljavanja mladih\",\"isPartOf\":{\"@id\":\"https:\\\/\\\/yourjob.ba\\\/#website\"},\"datePublished\":\"2025-05-27T08:57:30+00:00\",\"dateModified\":\"2025-07-18T11:45:46+00:00\",\"breadcrumb\":{\"@id\":\"https:\\\/\\\/yourjob.ba\\\/index.php\\\/uspjesne-price\\\/#breadcrumb\"},\"inLanguage\":\"en-US\",\"potentialAction\":[{\"@type\":\"ReadAction\",\"target\":[\"https:\\\/\\\/yourjob.ba\\\/index.php\\\/uspjesne-price\\\/\"]}]},{\"@type\":\"BreadcrumbList\",\"@id\":\"https:\\\/\\\/yourjob.ba\\\/index.php\\\/uspjesne-price\\\/#breadcrumb\",\"itemListElement\":[{\"@type\":\"ListItem\",\"position\":1,\"name\":\"Home\",\"item\":\"https:\\\/\\\/yourjob.ba\\\/\"},{\"@type\":\"ListItem\",\"position\":2,\"name\":\"Uspje\u0161ne pri\u010de\"}]},{\"@type\":\"WebSite\",\"@id\":\"https:\\\/\\\/yourjob.ba\\\/#website\",\"url\":\"https:\\\/\\\/yourjob.ba\\\/\",\"name\":\"Potpora zapo\u0161ljivosti i mogu\u0107nostima zapo\u0161ljavanja mladih\",\"description\":\"\",\"publisher\":{\"@id\":\"https:\\\/\\\/yourjob.ba\\\/#organization\"},\"alternateName\":\"YourJob\",\"potentialAction\":[{\"@type\":\"SearchAction\",\"target\":{\"@type\":\"EntryPoint\",\"urlTemplate\":\"https:\\\/\\\/yourjob.ba\\\/?s={search_term_string}\"},\"query-input\":{\"@type\":\"PropertyValueSpecification\",\"valueRequired\":true,\"valueName\":\"search_term_string\"}}],\"inLanguage\":\"en-US\"},{\"@type\":\"Organization\",\"@id\":\"https:\\\/\\\/yourjob.ba\\\/#organization\",\"name\":\"YourJob\",\"url\":\"https:\\\/\\\/yourjob.ba\\\/\",\"logo\":{\"@type\":\"ImageObject\",\"inLanguage\":\"en-US\",\"@id\":\"https:\\\/\\\/yourjob.ba\\\/#\\\/schema\\\/logo\\\/image\\\/\",\"url\":\"https:\\\/\\\/yourjob.ba\\\/wp-content\\\/uploads\\\/2024\\\/09\\\/logo-01.jpg\",\"contentUrl\":\"https:\\\/\\\/yourjob.ba\\\/wp-content\\\/uploads\\\/2024\\\/09\\\/logo-01.jpg\",\"width\":1803,\"height\":673,\"caption\":\"YourJob\"},\"image\":{\"@id\":\"https:\\\/\\\/yourjob.ba\\\/#\\\/schema\\\/logo\\\/image\\\/\"}}]}<\/script>\n<!-- \/ Yoast SEO plugin. -->","yoast_head_json":{"title":"Uspje\u0161ne pri\u010de - Potpora zapo\u0161ljivosti i mogu\u0107nostima zapo\u0161ljavanja mladih","robots":{"index":"index","follow":"follow","max-snippet":"max-snippet:-1","max-image-preview":"max-image-preview:large","max-video-preview":"max-video-preview:-1"},"canonical":"https:\/\/yourjob.ba\/index.php\/uspjesne-price\/","og_locale":"en_US","og_type":"article","og_title":"Uspje\u0161ne pri\u010de - Potpora zapo\u0161ljivosti i mogu\u0107nostima zapo\u0161ljavanja mladih","og_url":"https:\/\/yourjob.ba\/index.php\/uspjesne-price\/","og_site_name":"Potpora zapo\u0161ljivosti i mogu\u0107nostima zapo\u0161ljavanja mladih","article_modified_time":"2025-07-18T11:45:46+00:00","twitter_card":"summary_large_image","schema":{"@context":"https:\/\/schema.org","@graph":[{"@type":"WebPage","@id":"https:\/\/yourjob.ba\/index.php\/uspjesne-price\/","url":"https:\/\/yourjob.ba\/index.php\/uspjesne-price\/","name":"Uspje\u0161ne pri\u010de - Potpora zapo\u0161ljivosti i mogu\u0107nostima zapo\u0161ljavanja mladih","isPartOf":{"@id":"https:\/\/yourjob.ba\/#website"},"datePublished":"2025-05-27T08:57:30+00:00","dateModified":"2025-07-18T11:45:46+00:00","breadcrumb":{"@id":"https:\/\/yourjob.ba\/index.php\/uspjesne-price\/#breadcrumb"},"inLanguage":"en-US","potentialAction":[{"@type":"ReadAction","target":["https:\/\/yourjob.ba\/index.php\/uspjesne-price\/"]}]},{"@type":"BreadcrumbList","@id":"https:\/\/yourjob.ba\/index.php\/uspjesne-price\/#breadcrumb","itemListElement":[{"@type":"ListItem","position":1,"name":"Home","item":"https:\/\/yourjob.ba\/"},{"@type":"ListItem","position":2,"name":"Uspje\u0161ne pri\u010de"}]},{"@type":"WebSite","@id":"https:\/\/yourjob.ba\/#website","url":"https:\/\/yourjob.ba\/","name":"Potpora zapo\u0161ljivosti i mogu\u0107nostima zapo\u0161ljavanja mladih","description":"","publisher":{"@id":"https:\/\/yourjob.ba\/#organization"},"alternateName":"YourJob","potentialAction":[{"@type":"SearchAction","target":{"@type":"EntryPoint","urlTemplate":"https:\/\/yourjob.ba\/?s={search_term_string}"},"query-input":{"@type":"PropertyValueSpecification","valueRequired":true,"valueName":"search_term_string"}}],"inLanguage":"en-US"},{"@type":"Organization","@id":"https:\/\/yourjob.ba\/#organization","name":"YourJob","url":"https:\/\/yourjob.ba\/","logo":{"@type":"ImageObject","inLanguage":"en-US","@id":"https:\/\/yourjob.ba\/#\/schema\/logo\/image\/","url":"https:\/\/yourjob.ba\/wp-content\/uploads\/2024\/09\/logo-01.jpg","contentUrl":"https:\/\/yourjob.ba\/wp-content\/uploads\/2024\/09\/logo-01.jpg","width":1803,"height":673,"caption":"YourJob"},"image":{"@id":"https:\/\/yourjob.ba\/#\/schema\/logo\/image\/"}}]}},"_links":{"self":[{"href":"https:\/\/yourjob.ba\/index.php\/wp-json\/wp\/v2\/pages\/167","targetHints":{"allow":["GET"]}}],"collection":[{"href":"https:\/\/yourjob.ba\/index.php\/wp-json\/wp\/v2\/pages"}],"about":[{"href":"https:\/\/yourjob.ba\/index.php\/wp-json\/wp\/v2\/types\/page"}],"author":[{"embeddable":true,"href":"https:\/\/yourjob.ba\/index.php\/wp-json\/wp\/v2\/users\/1"}],"replies":[{"embeddable":true,"href":"https:\/\/yourjob.ba\/index.php\/wp-json\/wp\/v2\/comments?post=167"}],"version-history":[{"count":18,"href":"https:\/\/yourjob.ba\/index.php\/wp-json\/wp\/v2\/pages\/167\/revisions"}],"predecessor-version":[{"id":324,"href":"https:\/\/yourjob.ba\/index.php\/wp-json\/wp\/v2\/pages\/167\/revisions\/324"}],"wp:attachment":[{"href":"https:\/\/yourjob.ba\/index.php\/wp-json\/wp\/v2\/media?parent=167"}],"curies":[{"name":"wp","href":"https:\/\/api.w.org\/{rel}","templated":true}]}}